{"id":71709,"date":"2021-07-27T11:17:35","date_gmt":"2021-07-27T14:17:35","guid":{"rendered":"https:\/\/homolog.alana.org.br\/home\/"},"modified":"2024-05-03T15:29:14","modified_gmt":"2024-05-03T18:29:14","slug":"home","status":"publish","type":"page","link":"https:\/\/alana.org.br\/en\/","title":{"rendered":"Home"},"content":{"rendered":"\r\n<!-- Slider main container -->\r\n<div class=\"alana_main_slider wp-block-acf-alana-main-slider alignfull\" id=\"alana_main_slider_block_349a5025ed584b578e9175e27ba91206\">\r\n\t<div class=\"swiper\">\r\n\t  <!-- Additional required wrapper -->\r\n\t  <div class=\"swiper-wrapper\">\r\n\t    <!-- Slides -->\r\n\t    \t\t    <div class=\"swiper-slide\">\r\n\t\t    \t<div class=\"entry-image\">\r\n\t\t    \t\t\r\n\t\t    \t<img decoding=\"async\" src=\"https:\/\/alana.org.br\/wp-content\/uploads\/2023\/05\/Home-1-jpg.webp\" alt=\"\" loading=\"lazy\">\r\n\t\t    \t<\/div>\r\n\t\t    \t<div class=\"entry-content\">\r\n\t\t    \t\t<div class=\"wp-block-columns\" style=\"height: 100%;margin: 0 auto;\">\r\n\t\t    \t\t\t<div class=\"wp-block-column d-flex flex-column justify-content-center\">\r\n\t\t    \t\t\t\t\r\n\t\t    \t\t<h2>A better world for children is a better world for everyone<\/h2>\r\n\t\t    \t\t<a href=\"https:\/\/alana.org.br\/en\/the-organization\/\" class=\"alana_main_slider_button\" target=\"_self\" title=\"Ir para Destaque\">\r\n\t\t    \t\t\tLearn more about Alana\t\t    \t\t<\/a>\r\n\t\t    \t\t\t<\/div>\r\n\t\t    \t\t<\/div>\r\n\t\t    \t<\/div>\r\n\t\t\t  \t\r\n\t\t\t<\/div>\r\n\t    \t\t    <div class=\"swiper-slide\">\r\n\t\t    \t<div class=\"entry-image\">\r\n\t\t    \t\t\r\n\t\t    \t<img decoding=\"async\" src=\"https:\/\/alana.org.br\/wp-content\/uploads\/2023\/05\/7-jpg.webp\" alt=\"\" loading=\"lazy\">\r\n\t\t    \t<\/div>\r\n\t\t    \t<div class=\"entry-content\">\r\n\t\t    \t\t<div class=\"wp-block-columns\" style=\"height: 100%;margin: 0 auto;\">\r\n\t\t    \t\t\t<div class=\"wp-block-column d-flex flex-column justify-content-center\">\r\n\t\t    \t\t\t\t\r\n\t\t    \t\t<h2>Xprize: the potential of standing forests<\/h2>\r\n\t\t    \t\t<a href=\"https:\/\/alana.org.br\/en\/alana-foundation\/initiatives\/xprize-rainforest\/\" class=\"alana_main_slider_button\" target=\"_self\" title=\"Ir para Destaque\">\r\n\t\t    \t\t\tLearn more about the prize\t\t    \t\t<\/a>\r\n\t\t    \t\t\t<\/div>\r\n\t\t    \t\t<\/div>\r\n\t\t    \t<\/div>\r\n\t\t\t  \t\r\n\t\t\t<\/div>\r\n\t    \r\n\t  <\/div>\r\n\r\n\t  <div class=\"swiper-navigation\">\r\n\t  \t\t <div class=\"swiper-btn-prev\"><span class=\"icon fas fa-arrow-left\"><\/span> Previous<\/div> \r\n\t  \t\t <div class=\"swiper-pagination\"><span class=\"swiper-pagination-num\"><\/span> highlights<\/div> \r\n\t  \t\t <div class=\"swiper-btn-next\"> Next <span class=\"icon fas fa-arrow-right\"><\/span><\/div>\r\n\t  <\/div>\r\n\r\n\t<\/div>\r\n<\/div>\r\n\r\n<style>\r\n\t#alana_main_slider_block_349a5025ed584b578e9175e27ba91206 .swiper {\r\n\t  width: 100%;\r\n\t  height: calc(100vh - 240px);\r\n\t}\r\n<\/style>\r\n\r\n<script>\r\n\tconst swiper_alana_main_slider_block_349a5025ed584b578e9175e27ba91206 = new Swiper('#alana_main_slider_block_349a5025ed584b578e9175e27ba91206 .swiper', {\r\n\t  \/\/ Optional parameters\r\n\t  loop: true,\r\n      simulateTouch: false,\r\n\r\n\t  \/\/ If we need pagination\r\n\t  pagination: {\r\n\t    el: '.swiper-pagination-num',\r\n      \ttype: \"fraction\",\r\n\t  },\r\n\r\n\t  \/\/ Navigation arrows\r\n\t  navigation: {\r\n\t    nextEl: '.swiper-btn-next',\r\n\t    prevEl: '.swiper-btn-prev',\r\n        hideOnClick: true,\r\n\t  },\r\n      a11y: {\r\n          enabled: true,\r\n          prevSlideMessage: 'Slide anterior',\r\n          nextSlideMessage: 'Pr\u00f3ximo slide',\r\n      },\r\n      keyboard: {\r\n          enabled: true,\r\n          onlyInViewport: false,\r\n          pageUpDown: true,\r\n      },\r\n\r\n\t  \/\/ And if we need scrollbar\r\n\t  scrollbar: {\r\n\t    el: '.swiper-scrollbar',\r\n\t  },\r\n\t});\r\n<\/script>\n\n\n<h2 class=\"wp-block-heading\"><strong>Children first. That&#8217;s why we exist.<\/strong><\/h2>\n\n\n\n<p><strong>Alana<\/strong> is a social and environmental impact group that promotes and inspires a better world for children. A world that\u2019s sustainable, fair, inclusive, equal and diverse. A world that celebrates and protects democracy, social justice, human rights and the rights of children as an absolute priority. A world that takes care of its peoples, its forests, its seas, its air.<\/p>\n\n\n\n<p><br>We live in an extraordinary moment of interconnected urgencies, with cruel and overwhelming threats. Hunger, inequality, climate crisis, unregulated digital environments. To create a better world for children is to seek to transform this reality.<\/p>\n\n\n\n<p><br>We bring together educators, filmmakers, lawyers, scientists, journalists, project managers, activists, communicators, designers, content creators, entrepreneurs, and artists, working every day to promote and inspire new possibilities for the world. A world where the forest is alive, technologies are human-centered, with dignified living conditions for all. A better world for children. A better world for all people.<\/p>\n\n\n\n<div style=\"height:5px\" aria-hidden=\"true\" class=\"wp-block-spacer\"><\/div>\n\n\n\n<h3 class=\"wp-block-heading\">THREE SPHERES OF ACTION<\/h3>\n\n\n\n<div class=\"wp-block-columns is-layout-flex wp-container-core-columns-is-layout-9d6595d7 wp-block-columns-is-layout-flex\">\n<div class=\"wp-block-column is-layout-flow wp-block-column-is-layout-flow\">\n<div class=\"wp-block-buttons is-content-justification-center is-layout-flex wp-container-core-buttons-is-layout-16018d1d wp-block-buttons-is-layout-flex\">\n<div class=\"wp-block-button has-custom-width wp-block-button__width-100\"><a class=\"wp-block-button__link wp-element-button\" href=\"https:\/\/alana.org.br\/en\/alana-institute\/\">Alana Institute<\/a><\/div>\n<\/div>\n<\/div>\n\n\n\n<div class=\"wp-block-column is-layout-flow wp-block-column-is-layout-flow\">\n<div class=\"wp-block-buttons is-content-justification-center is-layout-flex wp-container-core-buttons-is-layout-16018d1d wp-block-buttons-is-layout-flex\">\n<div class=\"wp-block-button has-custom-width wp-block-button__width-100\"><a class=\"wp-block-button__link wp-element-button\" href=\"https:\/\/alana.org.br\/en\/alana-lab\/\">Alana Lab<\/a><\/div>\n<\/div>\n<\/div>\n\n\n\n<div class=\"wp-block-column is-layout-flow wp-block-column-is-layout-flow\">\n<div class=\"wp-block-buttons is-content-justification-center is-layout-flex wp-container-core-buttons-is-layout-16018d1d wp-block-buttons-is-layout-flex\">\n<div class=\"wp-block-button has-custom-width wp-block-button__width-100\"><a class=\"wp-block-button__link wp-element-button\" href=\"https:\/\/alana.org.br\/en\/alana-foundation\/\">Alana Foundation<\/a><\/div>\n<\/div>\n<\/div>\n<\/div>\n\n\n\n<p><strong>Alana<\/strong> is an ecosystem with three interdependent spheres, working together in alignment with the UN Sustainable Development Goals. An <strong>Institute<\/strong>, a <strong>Foundation<\/strong>, and an <strong>Impact Entertainment Business<\/strong>, Alana leverages a unique combination of education, science, entertainment and advocacy that bridges dream and reality, research and pop culture, justice and development, messaging and dialogue, political influence and compelling storytelling.<\/p>\n\n\n\n<div style=\"height:5px\" aria-hidden=\"true\" class=\"wp-block-spacer\"><\/div>\n\n\n\n<div class=\"wp-block-ab-animate ab-is-hidden\" data-scroll-threshold=\"20\" style=\"animation-duration:0.2s\">\n\n<h2 class=\"light-title h2 wp-block-heading\">Latest news<\/h2>\n\n\r\n\r\r\n\r\r\n\r\r\n<div class=\"alana_posts\" id=\"alana_posts_block_616dac3e307c9\">\r\r\n\t<div class=\"row\">\r\r\n\t\r\n\t\t<div class=\"col-md-6\">\r\r\n\t\t\t<div class=\"post-item\">\r\r\n\t\t\t\t\r\r\n\t\t\t\t<a href=\"https:\/\/alana.org.br\/en\/paper-children-cop\/\" title=\"Ir para Alana Institute and LACLIMA launch analysis on children in climate COPs\">\r\r\n\t\t\t\t\t<div class=\"entry-thumbnail\">\r\r\n\t\t\t\t\t\t<img loading=\"lazy\" decoding=\"async\" width=\"580\" height=\"387\" src=\"https:\/\/alana.org.br\/wp-content\/uploads\/2025\/06\/shutterstock_2273070943-1024x683.jpg\" class=\"attachment-large size-large wp-post-image\" alt=\"Crian\u00e7as na COP: na imagem, m\u00e3os de crian\u00e7as desenham o Planeta Terra com l\u00e1pis coloridos\" srcset=\"https:\/\/alana.org.br\/wp-content\/uploads\/2025\/06\/shutterstock_2273070943-1024x683.jpg 1024w, https:\/\/alana.org.br\/wp-content\/uploads\/2025\/06\/shutterstock_2273070943-300x200.jpg 300w, https:\/\/alana.org.br\/wp-content\/uploads\/2025\/06\/shutterstock_2273070943-768x512.jpg 768w, https:\/\/alana.org.br\/wp-content\/uploads\/2025\/06\/shutterstock_2273070943-1536x1024.jpg 1536w, https:\/\/alana.org.br\/wp-content\/uploads\/2025\/06\/shutterstock_2273070943-2048x1365.jpg 2048w, https:\/\/alana.org.br\/wp-content\/uploads\/2025\/06\/shutterstock_2273070943-1200x800.jpg 1200w, https:\/\/alana.org.br\/wp-content\/uploads\/2025\/06\/shutterstock_2273070943-1980x1320.jpg 1980w\" sizes=\"auto, (max-width: 580px) 100vw, 580px\" \/>\r\n\t\t\t\t\t\t<div class=\"post_date\">\r\r\n\t\t\t\t\t\t\t<span class=\"day\">16<\/span>\r\r\n\t\t\t\t\t\t\t<span class=\"month\">Jun<\/span>\r\r\n\t\t\t\t\t\t<\/div>\r\r\n\t\t\t\t\t<\/div>\r\r\n\t\t\t\t\t<header class=\"entry-header\">\r\r\n\t\t\t\t\t\t<h3 class=\"post-title\">Alana Institute and LACLIMA launch analysis on children in climate COPs<\/h3>\r\r\n\t\t\t\t\t<\/header>\r\r\n\t\t\t\t<\/a>\r\r\n\t\t\t<\/div>\r\r\n\t\t<\/div>\r\r\n\r\r\n\t\r\n\t\t<div class=\"col-md-6\">\r\r\n\t\t\t<div class=\"post-item\">\r\r\n\t\t\t\t\r\r\n\t\t\t\t<a href=\"https:\/\/alana.org.br\/en\/environment-solutions-award\/\" title=\"Ir para Students Awarded for Conserving Brazil&#8217;s Six Biomes\">\r\r\n\t\t\t\t\t<div class=\"entry-thumbnail\">\r\r\n\t\t\t\t\t\t<img loading=\"lazy\" decoding=\"async\" width=\"580\" height=\"347\" src=\"https:\/\/alana.org.br\/wp-content\/uploads\/2025\/06\/whatsapp_image_2025-06-04_at_13.54.03-1024x613.webp\" class=\"attachment-large size-large wp-post-image\" alt=\"Students Awarded for Conserving Brazil&#039;s Six Biomes\" srcset=\"https:\/\/alana.org.br\/wp-content\/uploads\/2025\/06\/whatsapp_image_2025-06-04_at_13.54.03-1024x613.webp 1024w, https:\/\/alana.org.br\/wp-content\/uploads\/2025\/06\/whatsapp_image_2025-06-04_at_13.54.03-300x179.webp 300w, https:\/\/alana.org.br\/wp-content\/uploads\/2025\/06\/whatsapp_image_2025-06-04_at_13.54.03-768x459.webp 768w, https:\/\/alana.org.br\/wp-content\/uploads\/2025\/06\/whatsapp_image_2025-06-04_at_13.54.03.webp 1170w\" sizes=\"auto, (max-width: 580px) 100vw, 580px\" \/>\r\n\t\t\t\t\t\t<div class=\"post_date\">\r\r\n\t\t\t\t\t\t\t<span class=\"day\">05<\/span>\r\r\n\t\t\t\t\t\t\t<span class=\"month\">Jun<\/span>\r\r\n\t\t\t\t\t\t<\/div>\r\r\n\t\t\t\t\t<\/div>\r\r\n\t\t\t\t\t<header class=\"entry-header\">\r\r\n\t\t\t\t\t\t<h3 class=\"post-title\">Students Awarded for Conserving Brazil&#8217;s Six Biomes<\/h3>\r\r\n\t\t\t\t\t<\/header>\r\r\n\t\t\t\t<\/a>\r\r\n\t\t\t<\/div>\r\r\n\t\t<\/div>\r\r\n\r\r\n\t\r\n\t\t<div class=\"col-md-6\">\r\r\n\t\t\t<div class=\"post-item\">\r\r\n\t\t\t\t\r\r\n\t\t\t\t<a href=\"https:\/\/alana.org.br\/en\/care-and-protect\/\" title=\"Ir para Guide gathers recommendations for the protection of children and adolescents amid the climate crisis\">\r\r\n\t\t\t\t\t<div class=\"entry-thumbnail\">\r\r\n\t\t\t\t\t\t<img loading=\"lazy\" decoding=\"async\" width=\"580\" height=\"326\" src=\"https:\/\/alana.org.br\/wp-content\/uploads\/2025\/05\/shutterstock_2544889575-1024x576.jpg\" class=\"attachment-large size-large wp-post-image\" alt=\"Guia re\u00fane recomenda\u00e7\u00f5es para a prote\u00e7\u00e3o de crian\u00e7as e adolescentes em meio \u00e0 crise clim\u00e1tica: na imagem, crian\u00e7a caminha em um gramado\" srcset=\"https:\/\/alana.org.br\/wp-content\/uploads\/2025\/05\/shutterstock_2544889575-1024x576.jpg 1024w, https:\/\/alana.org.br\/wp-content\/uploads\/2025\/05\/shutterstock_2544889575-300x169.jpg 300w, https:\/\/alana.org.br\/wp-content\/uploads\/2025\/05\/shutterstock_2544889575-768x432.jpg 768w, https:\/\/alana.org.br\/wp-content\/uploads\/2025\/05\/shutterstock_2544889575-1536x864.jpg 1536w, https:\/\/alana.org.br\/wp-content\/uploads\/2025\/05\/shutterstock_2544889575-2048x1152.jpg 2048w, https:\/\/alana.org.br\/wp-content\/uploads\/2025\/05\/shutterstock_2544889575-1200x675.jpg 1200w, https:\/\/alana.org.br\/wp-content\/uploads\/2025\/05\/shutterstock_2544889575-1980x1114.jpg 1980w\" sizes=\"auto, (max-width: 580px) 100vw, 580px\" \/>\r\n\t\t\t\t\t\t<div class=\"post_date\">\r\r\n\t\t\t\t\t\t\t<span class=\"day\">19<\/span>\r\r\n\t\t\t\t\t\t\t<span class=\"month\">May<\/span>\r\r\n\t\t\t\t\t\t<\/div>\r\r\n\t\t\t\t\t<\/div>\r\r\n\t\t\t\t\t<header class=\"entry-header\">\r\r\n\t\t\t\t\t\t<h3 class=\"post-title\">Guide gathers recommendations for the protection of children and adolescents amid the climate crisis<\/h3>\r\r\n\t\t\t\t\t<\/header>\r\r\n\t\t\t\t<\/a>\r\r\n\t\t\t<\/div>\r\r\n\t\t<\/div>\r\r\n\r\r\n\t\r\n\t\t<div class=\"col-md-6\">\r\r\n\t\t\t<div class=\"post-item\">\r\r\n\t\t\t\t\r\r\n\t\t\t\t<a href=\"https:\/\/alana.org.br\/en\/air-quality\/\" title=\"Ir para Members of Instituto Ar and Instituto Alana present new study during event on Air Quality at the Ministry of the Environment\">\r\r\n\t\t\t\t\t<div class=\"entry-thumbnail\">\r\r\n\t\t\t\t\t\t<img loading=\"lazy\" decoding=\"async\" width=\"580\" height=\"387\" src=\"https:\/\/alana.org.br\/wp-content\/uploads\/2024\/08\/MIR07726-1024x683.jpg\" class=\"attachment-large size-large wp-post-image\" alt=\"Integrantes do Instituto Ar e do Instituto Alana durante evento sobre qualidade do \/ar seguram novo estudo\" srcset=\"https:\/\/alana.org.br\/wp-content\/uploads\/2024\/08\/MIR07726-1024x683.jpg 1024w, https:\/\/alana.org.br\/wp-content\/uploads\/2024\/08\/MIR07726-300x200.jpg 300w, https:\/\/alana.org.br\/wp-content\/uploads\/2024\/08\/MIR07726-768x512.jpg 768w, https:\/\/alana.org.br\/wp-content\/uploads\/2024\/08\/MIR07726-1536x1024.jpg 1536w, https:\/\/alana.org.br\/wp-content\/uploads\/2024\/08\/MIR07726-2048x1365.jpg 2048w, https:\/\/alana.org.br\/wp-content\/uploads\/2024\/08\/MIR07726-1200x800.jpg 1200w, https:\/\/alana.org.br\/wp-content\/uploads\/2024\/08\/MIR07726-1980x1320.jpg 1980w\" sizes=\"auto, (max-width: 580px) 100vw, 580px\" \/>\r\n\t\t\t\t\t\t<div class=\"post_date\">\r\r\n\t\t\t\t\t\t\t<span class=\"day\">21<\/span>\r\r\n\t\t\t\t\t\t\t<span class=\"month\">Aug<\/span>\r\r\n\t\t\t\t\t\t<\/div>\r\r\n\t\t\t\t\t<\/div>\r\r\n\t\t\t\t\t<header class=\"entry-header\">\r\r\n\t\t\t\t\t\t<h3 class=\"post-title\">Members of Instituto Ar and Instituto Alana present new study during event on Air Quality at the Ministry of the Environment<\/h3>\r\r\n\t\t\t\t\t<\/header>\r\r\n\t\t\t\t<\/a>\r\r\n\t\t\t<\/div>\r\r\n\t\t<\/div>\r\r\n\r\r\n\t\r\n\r\r\n\t<\/div>\r\r\n<\/div>\n\n<div class=\"wp-block-buttons is-horizontal is-content-justification-center is-layout-flex wp-container-core-buttons-is-layout-499968f5 wp-block-buttons-is-layout-flex\">\n\n<div class=\"wp-block-button is-style-outline is-style-outline--1\"><a class=\"wp-block-button__link has-verde-veronese-color has-text-color\" href=\"https:\/\/alana.org.br\/noticias\/\" style=\"border-radius:50px\">Read all the news<\/a><\/div>\n\n<\/div>\n\n<\/div>\n\n\n\n<p><\/p>\n","protected":false},"excerpt":{"rendered":"<p>Alana Institute is a social and environmental impact organization that promotes and inspires a better world for children. <\/p>\n","protected":false},"author":1,"featured_media":71237,"parent":0,"menu_order":0,"comment_status":"closed","ping_status":"open","template":"templates\/template-home.php","meta":{"_acf_changed":false,"inline_featured_image":false,"footnotes":""},"class_list":["post-71709","page","type-page","status-publish","has-post-thumbnail","hentry"],"acf":[],"yoast_head":"<!-- This site is optimized with the Yoast SEO plugin v25.6 - https:\/\/yoast.com\/wordpress\/plugins\/seo\/ -->\n<title>Alana<\/title>\n<meta name=\"description\" content=\"Alana Institute is a social and environmental impact organization that promotes and inspires a better world for children.\" \/>\n<meta name=\"robots\" content=\"index, follow, max-snippet:-1, max-image-preview:large, max-video-preview:-1\" \/>\n<link rel=\"canonical\" href=\"https:\/\/alana.org.br\/en\/\" \/>\n<meta property=\"og:locale\" content=\"en_US\" \/>\n<meta property=\"og:type\" content=\"article\" \/>\n<meta property=\"og:title\" content=\"Alana\" \/>\n<meta property=\"og:description\" content=\"Alana Institute is a social and environmental impact organization that promotes and inspires a better world for children.\" \/>\n<meta property=\"og:url\" content=\"https:\/\/alana.org.br\/en\/\" \/>\n<meta property=\"og:site_name\" content=\"Alana\" \/>\n<meta property=\"article:modified_time\" content=\"2024-05-03T18:29:14+00:00\" \/>\n<meta property=\"og:image\" content=\"https:\/\/alana.org.br\/wp-content\/uploads\/2022\/12\/noticias-alana.png\" \/>\n\t<meta property=\"og:image:width\" content=\"800\" \/>\n\t<meta property=\"og:image:height\" content=\"460\" \/>\n\t<meta property=\"og:image:type\" content=\"image\/png\" \/>\n<meta name=\"twitter:card\" content=\"summary_large_image\" \/>\n<meta name=\"twitter:label1\" content=\"Est. reading time\" \/>\n\t<meta name=\"twitter:data1\" content=\"2 minutes\" \/>\n<script type=\"application\/ld+json\" class=\"yoast-schema-graph\">{\"@context\":\"https:\/\/schema.org\",\"@graph\":[{\"@type\":\"WebPage\",\"@id\":\"https:\/\/alana.org.br\/en\/\",\"url\":\"https:\/\/alana.org.br\/en\/\",\"name\":\"Alana\",\"isPartOf\":{\"@id\":\"https:\/\/alana.org.br\/#website\"},\"primaryImageOfPage\":{\"@id\":\"https:\/\/alana.org.br\/en\/#primaryimage\"},\"image\":{\"@id\":\"https:\/\/alana.org.br\/en\/#primaryimage\"},\"thumbnailUrl\":\"https:\/\/alana.org.br\/wp-content\/uploads\/2022\/12\/noticias-alana.png\",\"datePublished\":\"2021-07-27T14:17:35+00:00\",\"dateModified\":\"2024-05-03T18:29:14+00:00\",\"description\":\"Alana Institute is a social and environmental impact organization that promotes and inspires a better world for children.\",\"breadcrumb\":{\"@id\":\"https:\/\/alana.org.br\/en\/#breadcrumb\"},\"inLanguage\":\"en-US\",\"potentialAction\":[{\"@type\":\"ReadAction\",\"target\":[\"https:\/\/alana.org.br\/en\/\"]}]},{\"@type\":\"ImageObject\",\"inLanguage\":\"en-US\",\"@id\":\"https:\/\/alana.org.br\/en\/#primaryimage\",\"url\":\"https:\/\/alana.org.br\/wp-content\/uploads\/2022\/12\/noticias-alana.png\",\"contentUrl\":\"https:\/\/alana.org.br\/wp-content\/uploads\/2022\/12\/noticias-alana.png\",\"width\":800,\"height\":460,\"caption\":\"Alana\"},{\"@type\":\"BreadcrumbList\",\"@id\":\"https:\/\/alana.org.br\/en\/#breadcrumb\",\"itemListElement\":[{\"@type\":\"ListItem\",\"position\":1,\"name\":\"Home\",\"item\":\"https:\/\/alana.org.br\/en\/\"},{\"@type\":\"ListItem\",\"position\":2,\"name\":\"Home\"}]},{\"@type\":\"WebSite\",\"@id\":\"https:\/\/alana.org.br\/#website\",\"url\":\"https:\/\/alana.org.br\/\",\"name\":\"Alana\",\"description\":\"\",\"publisher\":{\"@id\":\"https:\/\/alana.org.br\/#organization\"},\"potentialAction\":[{\"@type\":\"SearchAction\",\"target\":{\"@type\":\"EntryPoint\",\"urlTemplate\":\"https:\/\/alana.org.br\/?s={search_term_string}\"},\"query-input\":{\"@type\":\"PropertyValueSpecification\",\"valueRequired\":true,\"valueName\":\"search_term_string\"}}],\"inLanguage\":\"en-US\"},{\"@type\":\"Organization\",\"@id\":\"https:\/\/alana.org.br\/#organization\",\"name\":\"Alana\",\"url\":\"https:\/\/alana.org.br\/\",\"logo\":{\"@type\":\"ImageObject\",\"inLanguage\":\"en-US\",\"@id\":\"https:\/\/alana.org.br\/#\/schema\/logo\/image\/\",\"url\":\"https:\/\/alana.org.br\/wp-content\/uploads\/2024\/07\/logo3.png\",\"contentUrl\":\"https:\/\/alana.org.br\/wp-content\/uploads\/2024\/07\/logo3.png\",\"width\":156,\"height\":71,\"caption\":\"Alana\"},\"image\":{\"@id\":\"https:\/\/alana.org.br\/#\/schema\/logo\/image\/\"}}]}<\/script>\n<!-- \/ Yoast SEO plugin. -->","yoast_head_json":{"title":"Alana","description":"Alana Institute is a social and environmental impact organization that promotes and inspires a better world for children.","robots":{"index":"index","follow":"follow","max-snippet":"max-snippet:-1","max-image-preview":"max-image-preview:large","max-video-preview":"max-video-preview:-1"},"canonical":"https:\/\/alana.org.br\/en\/","og_locale":"en_US","og_type":"article","og_title":"Alana","og_description":"Alana Institute is a social and environmental impact organization that promotes and inspires a better world for children.","og_url":"https:\/\/alana.org.br\/en\/","og_site_name":"Alana","article_modified_time":"2024-05-03T18:29:14+00:00","og_image":[{"width":800,"height":460,"url":"https:\/\/alana.org.br\/wp-content\/uploads\/2022\/12\/noticias-alana.png","type":"image\/png"}],"twitter_card":"summary_large_image","twitter_misc":{"Est. reading time":"2 minutes"},"schema":{"@context":"https:\/\/schema.org","@graph":[{"@type":"WebPage","@id":"https:\/\/alana.org.br\/en\/","url":"https:\/\/alana.org.br\/en\/","name":"Alana","isPartOf":{"@id":"https:\/\/alana.org.br\/#website"},"primaryImageOfPage":{"@id":"https:\/\/alana.org.br\/en\/#primaryimage"},"image":{"@id":"https:\/\/alana.org.br\/en\/#primaryimage"},"thumbnailUrl":"https:\/\/alana.org.br\/wp-content\/uploads\/2022\/12\/noticias-alana.png","datePublished":"2021-07-27T14:17:35+00:00","dateModified":"2024-05-03T18:29:14+00:00","description":"Alana Institute is a social and environmental impact organization that promotes and inspires a better world for children.","breadcrumb":{"@id":"https:\/\/alana.org.br\/en\/#breadcrumb"},"inLanguage":"en-US","potentialAction":[{"@type":"ReadAction","target":["https:\/\/alana.org.br\/en\/"]}]},{"@type":"ImageObject","inLanguage":"en-US","@id":"https:\/\/alana.org.br\/en\/#primaryimage","url":"https:\/\/alana.org.br\/wp-content\/uploads\/2022\/12\/noticias-alana.png","contentUrl":"https:\/\/alana.org.br\/wp-content\/uploads\/2022\/12\/noticias-alana.png","width":800,"height":460,"caption":"Alana"},{"@type":"BreadcrumbList","@id":"https:\/\/alana.org.br\/en\/#breadcrumb","itemListElement":[{"@type":"ListItem","position":1,"name":"Home","item":"https:\/\/alana.org.br\/en\/"},{"@type":"ListItem","position":2,"name":"Home"}]},{"@type":"WebSite","@id":"https:\/\/alana.org.br\/#website","url":"https:\/\/alana.org.br\/","name":"Alana","description":"","publisher":{"@id":"https:\/\/alana.org.br\/#organization"},"potentialAction":[{"@type":"SearchAction","target":{"@type":"EntryPoint","urlTemplate":"https:\/\/alana.org.br\/?s={search_term_string}"},"query-input":{"@type":"PropertyValueSpecification","valueRequired":true,"valueName":"search_term_string"}}],"inLanguage":"en-US"},{"@type":"Organization","@id":"https:\/\/alana.org.br\/#organization","name":"Alana","url":"https:\/\/alana.org.br\/","logo":{"@type":"ImageObject","inLanguage":"en-US","@id":"https:\/\/alana.org.br\/#\/schema\/logo\/image\/","url":"https:\/\/alana.org.br\/wp-content\/uploads\/2024\/07\/logo3.png","contentUrl":"https:\/\/alana.org.br\/wp-content\/uploads\/2024\/07\/logo3.png","width":156,"height":71,"caption":"Alana"},"image":{"@id":"https:\/\/alana.org.br\/#\/schema\/logo\/image\/"}}]}},"_links":{"self":[{"href":"https:\/\/alana.org.br\/en\/wp-json\/wp\/v2\/pages\/71709","targetHints":{"allow":["GET"]}}],"collection":[{"href":"https:\/\/alana.org.br\/en\/wp-json\/wp\/v2\/pages"}],"about":[{"href":"https:\/\/alana.org.br\/en\/wp-json\/wp\/v2\/types\/page"}],"author":[{"embeddable":true,"href":"https:\/\/alana.org.br\/en\/wp-json\/wp\/v2\/users\/1"}],"replies":[{"embeddable":true,"href":"https:\/\/alana.org.br\/en\/wp-json\/wp\/v2\/comments?post=71709"}],"version-history":[{"count":44,"href":"https:\/\/alana.org.br\/en\/wp-json\/wp\/v2\/pages\/71709\/revisions"}],"predecessor-version":[{"id":74276,"href":"https:\/\/alana.org.br\/en\/wp-json\/wp\/v2\/pages\/71709\/revisions\/74276"}],"wp:featuredmedia":[{"embeddable":true,"href":"https:\/\/alana.org.br\/en\/wp-json\/wp\/v2\/media\/71237"}],"wp:attachment":[{"href":"https:\/\/alana.org.br\/en\/wp-json\/wp\/v2\/media?parent=71709"}],"curies":[{"name":"wp","href":"https:\/\/api.w.org\/{rel}","templated":true}]}}