{"id":71704,"date":"2021-11-08T17:07:43","date_gmt":"2021-11-08T20:07:43","guid":{"rendered":"https:\/\/homolog.alana.org.br\/alana-institute\/initiatives\/lunettes-portal\/"},"modified":"2023-06-13T15:07:39","modified_gmt":"2023-06-13T18:07:39","slug":"lunettes-portal","status":"publish","type":"page","link":"https:\/\/alana.org.br\/en\/alana-institute\/initiatives\/lunettes-portal\/","title":{"rendered":"Lunettes Portal"},"content":{"rendered":"\n<p>Since 2018, we have been disseminating high-quality information, sharing stories, lifting up expert sources, and fostering reflections on topics that impact children of all ages.<\/p>\n\n\n\n<p>The aim of Lunetas is to establish a trusted and welcoming source of information that reflects the diverse realities of childhood in Brazil. Lunetas works to create a shared agenda for a more just, inclusive, equitable, and diverse world. Our work is guided by United Nations&#8217; <a href=\"https:\/\/alana.org.br\/glossario\/objetivos-de-desenvolvimento-sustentavel-ods\/\" target=\"_blank\" rel=\"noreferrer noopener\">17 Sustainable Development Goals.<\/a> Each year, the portal expands its network of partnerships and communication platforms to reach diverse audiences committed to children&#8217;s rights.<\/p>\n\n\n\n<p>The site features news, special features, entertainment tips, opinion pieces, and other accessible resources for families, educators, caregivers, and others. At Lunetas, above all, the child is the absolute priority. Our content affirms that it is the responsibility of families, society, and the state to safeguard children&#8217;s rights and guarantee the full experience of childhood.<\/p>\n\n\n\n<div style=\"height:5px\" aria-hidden=\"true\" class=\"wp-block-spacer\"><\/div>\n\n\n\n<h4 class=\"wp-block-heading\"><strong>A SOURCE OF DIVERSE AND APPROACHABLE INFORMATION<\/strong><\/h4>\n\n\n\n<p>We produce trustworthy journalism that explores and shares diverse realities and perspectives. This diverse and approachable style is essential to support families and professionals in guaranteeing and enforcing children&#8217;s rights.<\/p>\n\n\n\n<h4 class=\"wp-block-heading\"><b>FOSTERING REFLECTION<\/b><\/h4>\n\n\n\n<p>We provide comprehensive reporting on children\u2019s issues in Brazil, with diversity in perspective and approach. We encourage children to grow up free from stereotypes, in a with inclusion, racial and gender equality.<\/p>\n\n\n\n<h4 class=\"wp-block-heading\"><strong>RESPECTING EACH FAMILY\u2019S CONTEXT<\/strong><\/h4>\n\n\n\n<p>Our journalism is adapted to diverse family structures and contexts, and aims to provide trusted and relevant information to families and support networks so They can reflect and make informed decisions, free from judgment or easy answers.<\/p>\n\n\n\n<div style=\"height:5px\" aria-hidden=\"true\" class=\"wp-block-spacer\"><\/div>\n\n\n\n<p><strong>Follow Lunettes Portal&#8217;s initiative on the social networks:<\/strong><\/p>\n\n\n\n<ul class=\"wp-block-social-links has-large-icon-size has-icon-color has-icon-background-color is-layout-flex wp-block-social-links-is-layout-flex\"><li style=\"color:#FFFFFF;background-color:#E16261;\" class=\"wp-social-link wp-social-link-instagram has-branco-color has-vermelho-indiano-background-color wp-block-social-link\"><a href=\"https:\/\/www.instagram.com\/portal_lunetas\/\" class=\"wp-block-social-link-anchor\"><svg width=\"24\" height=\"24\" viewBox=\"0 0 24 24\" version=\"1.1\" xmlns=\"http:\/\/www.w3.org\/2000\/svg\" aria-hidden=\"true\" focusable=\"false\"><path d=\"M12,4.622c2.403,0,2.688,0.009,3.637,0.052c0.877,0.04,1.354,0.187,1.671,0.31c0.42,0.163,0.72,0.358,1.035,0.673 c0.315,0.315,0.51,0.615,0.673,1.035c0.123,0.317,0.27,0.794,0.31,1.671c0.043,0.949,0.052,1.234,0.052,3.637 s-0.009,2.688-0.052,3.637c-0.04,0.877-0.187,1.354-0.31,1.671c-0.163,0.42-0.358,0.72-0.673,1.035 c-0.315,0.315-0.615,0.51-1.035,0.673c-0.317,0.123-0.794,0.27-1.671,0.31c-0.949,0.043-1.233,0.052-3.637,0.052 s-2.688-0.009-3.637-0.052c-0.877-0.04-1.354-0.187-1.671-0.31c-0.42-0.163-0.72-0.358-1.035-0.673 c-0.315-0.315-0.51-0.615-0.673-1.035c-0.123-0.317-0.27-0.794-0.31-1.671C4.631,14.688,4.622,14.403,4.622,12 s0.009-2.688,0.052-3.637c0.04-0.877,0.187-1.354,0.31-1.671c0.163-0.42,0.358-0.72,0.673-1.035 c0.315-0.315,0.615-0.51,1.035-0.673c0.317-0.123,0.794-0.27,1.671-0.31C9.312,4.631,9.597,4.622,12,4.622 M12,3 C9.556,3,9.249,3.01,8.289,3.054C7.331,3.098,6.677,3.25,6.105,3.472C5.513,3.702,5.011,4.01,4.511,4.511 c-0.5,0.5-0.808,1.002-1.038,1.594C3.25,6.677,3.098,7.331,3.054,8.289C3.01,9.249,3,9.556,3,12c0,2.444,0.01,2.751,0.054,3.711 c0.044,0.958,0.196,1.612,0.418,2.185c0.23,0.592,0.538,1.094,1.038,1.594c0.5,0.5,1.002,0.808,1.594,1.038 c0.572,0.222,1.227,0.375,2.185,0.418C9.249,20.99,9.556,21,12,21s2.751-0.01,3.711-0.054c0.958-0.044,1.612-0.196,2.185-0.418 c0.592-0.23,1.094-0.538,1.594-1.038c0.5-0.5,0.808-1.002,1.038-1.594c0.222-0.572,0.375-1.227,0.418-2.185 C20.99,14.751,21,14.444,21,12s-0.01-2.751-0.054-3.711c-0.044-0.958-0.196-1.612-0.418-2.185c-0.23-0.592-0.538-1.094-1.038-1.594 c-0.5-0.5-1.002-0.808-1.594-1.038c-0.572-0.222-1.227-0.375-2.185-0.418C14.751,3.01,14.444,3,12,3L12,3z M12,7.378 c-2.552,0-4.622,2.069-4.622,4.622S9.448,16.622,12,16.622s4.622-2.069,4.622-4.622S14.552,7.378,12,7.378z M12,15 c-1.657,0-3-1.343-3-3s1.343-3,3-3s3,1.343,3,3S13.657,15,12,15z M16.804,6.116c-0.596,0-1.08,0.484-1.08,1.08 s0.484,1.08,1.08,1.08c0.596,0,1.08-0.484,1.08-1.08S17.401,6.116,16.804,6.116z\"><\/path><\/svg><span class=\"wp-block-social-link-label screen-reader-text\">Instagram<\/span><\/a><\/li>\n\n<li style=\"color:#FFFFFF;background-color:#E16261;\" class=\"wp-social-link wp-social-link-facebook has-branco-color has-vermelho-indiano-background-color wp-block-social-link\"><a href=\"https:\/\/www.facebook.com\/portallunetas\/\" class=\"wp-block-social-link-anchor\"><svg width=\"24\" height=\"24\" viewBox=\"0 0 24 24\" version=\"1.1\" xmlns=\"http:\/\/www.w3.org\/2000\/svg\" aria-hidden=\"true\" focusable=\"false\"><path d=\"M12 2C6.5 2 2 6.5 2 12c0 5 3.7 9.1 8.4 9.9v-7H7.9V12h2.5V9.8c0-2.5 1.5-3.9 3.8-3.9 1.1 0 2.2.2 2.2.2v2.5h-1.3c-1.2 0-1.6.8-1.6 1.6V12h2.8l-.4 2.9h-2.3v7C18.3 21.1 22 17 22 12c0-5.5-4.5-10-10-10z\"><\/path><\/svg><span class=\"wp-block-social-link-label screen-reader-text\">Facebook<\/span><\/a><\/li>\n\n<li style=\"color:#FFFFFF;background-color:#E16261;\" class=\"wp-social-link wp-social-link-chain has-branco-color has-vermelho-indiano-background-color wp-block-social-link\"><a href=\"https:\/\/lunetas.com.br\/\" class=\"wp-block-social-link-anchor\"><svg width=\"24\" height=\"24\" viewBox=\"0 0 24 24\" version=\"1.1\" xmlns=\"http:\/\/www.w3.org\/2000\/svg\" aria-hidden=\"true\" focusable=\"false\"><path d=\"M15.6,7.2H14v1.5h1.6c2,0,3.7,1.7,3.7,3.7s-1.7,3.7-3.7,3.7H14v1.5h1.6c2.8,0,5.2-2.3,5.2-5.2,0-2.9-2.3-5.2-5.2-5.2zM4.7,12.4c0-2,1.7-3.7,3.7-3.7H10V7.2H8.4c-2.9,0-5.2,2.3-5.2,5.2,0,2.9,2.3,5.2,5.2,5.2H10v-1.5H8.4c-2,0-3.7-1.7-3.7-3.7zm4.6.9h5.3v-1.5H9.3v1.5z\"><\/path><\/svg><span class=\"wp-block-social-link-label screen-reader-text\">Link<\/span><\/a><\/li>\n\n<li style=\"color:#FFFFFF;background-color:#E16261;\" class=\"wp-social-link wp-social-link-linkedin has-branco-color has-vermelho-indiano-background-color wp-block-social-link\"><a href=\"https:\/\/www.linkedin.com\/company\/portal-lunetas\/\" class=\"wp-block-social-link-anchor\"><svg width=\"24\" height=\"24\" viewBox=\"0 0 24 24\" version=\"1.1\" xmlns=\"http:\/\/www.w3.org\/2000\/svg\" aria-hidden=\"true\" focusable=\"false\"><path d=\"M19.7,3H4.3C3.582,3,3,3.582,3,4.3v15.4C3,20.418,3.582,21,4.3,21h15.4c0.718,0,1.3-0.582,1.3-1.3V4.3 C21,3.582,20.418,3,19.7,3z M8.339,18.338H5.667v-8.59h2.672V18.338z M7.004,8.574c-0.857,0-1.549-0.694-1.549-1.548 c0-0.855,0.691-1.548,1.549-1.548c0.854,0,1.547,0.694,1.547,1.548C8.551,7.881,7.858,8.574,7.004,8.574z M18.339,18.338h-2.669 v-4.177c0-0.996-0.017-2.278-1.387-2.278c-1.389,0-1.601,1.086-1.601,2.206v4.249h-2.667v-8.59h2.559v1.174h0.037 c0.356-0.675,1.227-1.387,2.526-1.387c2.703,0,3.203,1.779,3.203,4.092V18.338z\"><\/path><\/svg><span class=\"wp-block-social-link-label screen-reader-text\">LinkedIn<\/span><\/a><\/li><\/ul>\n\n\n\n<div style=\"height:5px\" aria-hidden=\"true\" class=\"wp-block-spacer\"><\/div>\n\n\n\n<h2 class=\"wp-block-heading\">RELATED CONTENT<\/h2>\n\n\n\r\n\r\n\r\n<div class=\"\" id=\"\">\r\n    <ul class=\"nav nav-pills mb-3\" id=\"pills-tab\" role=\"tablist\">\r\n        <li class=\"nav-item\" role=\"presentation\">\r\n            <button class=\"nav-link active\" id=\"pills-noticias-tab\" data-bs-toggle=\"pill\" data-bs-target=\"#pills-noticias\" type=\"button\" role=\"tab\" aria-controls=\"pills-noticias\" aria-selected=\"true\">News<\/button>\r\n        <\/li>\r\n        <li class=\"nav-item\" role=\"presentation\">\r\n            <button class=\"nav-link\" id=\"pills-publicacoes-tab\" data-bs-toggle=\"pill\" data-bs-target=\"#pills-publicacoes\" type=\"button\" role=\"tab\" aria-controls=\"pills-publicacoes\" aria-selected=\"false\">Materials<\/button>\r\n        <\/li>\r\n    <\/ul>\r\n    <div class=\"tab-content\" id=\"pills-tabContent\">\r\n        <div class=\"tab-pane fade show active\" id=\"pills-noticias\" role=\"tabpanel\" aria-labelledby=\"pills-noticias-tab\">\r\n            <div class=\"row\">\r\n                                    <div class=\"col-md-6\">\r\n                        <div class=\"post-item\">\r\n                            \r\n                            <a href=\"https:\/\/alana.org.br\/en\/elevate-children-funders-group-2\/\" title=\"Ir para Alana Foundation accepted into Elevate Children Funders Group, global network of funders focused on children&#8217;s rights\">\r\n                                <div class=\"entry-thumbnail\">\r\n                                    <img loading=\"lazy\" decoding=\"async\" width=\"580\" height=\"387\" src=\"https:\/\/alana.org.br\/wp-content\/uploads\/2022\/12\/alana-elevate-children-funders-group-1024x683.webp\" class=\"attachment-large size-large wp-post-image\" alt=\"Elevate Children Funders Group: na foto, menina desenha um arco-\u00edris em uma grande janela de vidro.\" srcset=\"https:\/\/alana.org.br\/wp-content\/uploads\/2022\/12\/alana-elevate-children-funders-group-1024x683.webp 1024w, https:\/\/alana.org.br\/wp-content\/uploads\/2022\/12\/alana-elevate-children-funders-group-300x200.webp 300w, https:\/\/alana.org.br\/wp-content\/uploads\/2022\/12\/alana-elevate-children-funders-group-768x512.webp 768w, https:\/\/alana.org.br\/wp-content\/uploads\/2022\/12\/alana-elevate-children-funders-group-1536x1024.webp 1536w, https:\/\/alana.org.br\/wp-content\/uploads\/2022\/12\/alana-elevate-children-funders-group-2048x1366.webp 2048w, https:\/\/alana.org.br\/wp-content\/uploads\/2022\/12\/alana-elevate-children-funders-group-1200x800.webp 1200w, https:\/\/alana.org.br\/wp-content\/uploads\/2022\/12\/alana-elevate-children-funders-group-1980x1320.webp 1980w\" sizes=\"auto, (max-width: 580px) 100vw, 580px\" \/>                                    <div class=\"post_date\">\r\n                                        <span class=\"day\">15<\/span>\r\n                                        <span class=\"month\">Dec<\/span>\r\n                                    <\/div>\r\n                                <\/div>\r\n                                <header class=\"entry-header\">\r\n                                    <h3 class=\"post-title\">Alana Foundation accepted into Elevate Children Funders Group, global network of funders focused on children&#8217;s rights<\/h3>\r\n                                <\/header>\r\n                            <\/a>\r\n                        <\/div>\r\n                    <\/div>\r\n\r\n                                    <div class=\"col-md-6\">\r\n                        <div class=\"post-item\">\r\n                            \r\n                            <a href=\"https:\/\/alana.org.br\/en\/alana-usp-down-syndrome\/\" title=\"Ir para Alana Foundation and USP unite to create a research and advocacy network on Down syndrome\">\r\n                                <div class=\"entry-thumbnail\">\r\n                                    <img loading=\"lazy\" decoding=\"async\" width=\"580\" height=\"310\" src=\"https:\/\/alana.org.br\/wp-content\/uploads\/2023\/03\/alana-advocacy-sindrome-down-1024x548.webp\" class=\"attachment-large size-large wp-post-image\" alt=\"Crian\u00e7a branca com s\u00edndrome de Down abra\u00e7a um adulto.\" srcset=\"https:\/\/alana.org.br\/wp-content\/uploads\/2023\/03\/alana-advocacy-sindrome-down-1024x548.webp 1024w, https:\/\/alana.org.br\/wp-content\/uploads\/2023\/03\/alana-advocacy-sindrome-down-300x161.webp 300w, https:\/\/alana.org.br\/wp-content\/uploads\/2023\/03\/alana-advocacy-sindrome-down-768x411.webp 768w, https:\/\/alana.org.br\/wp-content\/uploads\/2023\/03\/alana-advocacy-sindrome-down-1536x822.webp 1536w, https:\/\/alana.org.br\/wp-content\/uploads\/2023\/03\/alana-advocacy-sindrome-down-2048x1096.webp 2048w, https:\/\/alana.org.br\/wp-content\/uploads\/2023\/03\/alana-advocacy-sindrome-down-1200x642.webp 1200w, https:\/\/alana.org.br\/wp-content\/uploads\/2023\/03\/alana-advocacy-sindrome-down-1980x1060.webp 1980w\" sizes=\"auto, (max-width: 580px) 100vw, 580px\" \/>                                    <div class=\"post_date\">\r\n                                        <span class=\"day\">27<\/span>\r\n                                        <span class=\"month\">Mar<\/span>\r\n                                    <\/div>\r\n                                <\/div>\r\n                                <header class=\"entry-header\">\r\n                                    <h3 class=\"post-title\">Alana Foundation and USP unite to create a research and advocacy network on Down syndrome<\/h3>\r\n                                <\/header>\r\n                            <\/a>\r\n                        <\/div>\r\n                    <\/div>\r\n\r\n                                    <div class=\"col-md-6\">\r\n                        <div class=\"post-item\">\r\n                            \r\n                            <a href=\"https:\/\/alana.org.br\/en\/paper-children-cop\/\" title=\"Ir para Alana Institute and LACLIMA launch analysis on children in climate COPs\">\r\n                                <div class=\"entry-thumbnail\">\r\n                                    <img loading=\"lazy\" decoding=\"async\" width=\"580\" height=\"387\" src=\"https:\/\/alana.org.br\/wp-content\/uploads\/2025\/06\/shutterstock_2273070943-1024x683.jpg\" class=\"attachment-large size-large wp-post-image\" alt=\"Crian\u00e7as na COP: na imagem, m\u00e3os de crian\u00e7as desenham o Planeta Terra com l\u00e1pis coloridos\" srcset=\"https:\/\/alana.org.br\/wp-content\/uploads\/2025\/06\/shutterstock_2273070943-1024x683.jpg 1024w, https:\/\/alana.org.br\/wp-content\/uploads\/2025\/06\/shutterstock_2273070943-300x200.jpg 300w, https:\/\/alana.org.br\/wp-content\/uploads\/2025\/06\/shutterstock_2273070943-768x512.jpg 768w, https:\/\/alana.org.br\/wp-content\/uploads\/2025\/06\/shutterstock_2273070943-1536x1024.jpg 1536w, https:\/\/alana.org.br\/wp-content\/uploads\/2025\/06\/shutterstock_2273070943-2048x1365.jpg 2048w, https:\/\/alana.org.br\/wp-content\/uploads\/2025\/06\/shutterstock_2273070943-1200x800.jpg 1200w, https:\/\/alana.org.br\/wp-content\/uploads\/2025\/06\/shutterstock_2273070943-1980x1320.jpg 1980w\" sizes=\"auto, (max-width: 580px) 100vw, 580px\" \/>                                    <div class=\"post_date\">\r\n                                        <span class=\"day\">16<\/span>\r\n                                        <span class=\"month\">Jun<\/span>\r\n                                    <\/div>\r\n                                <\/div>\r\n                                <header class=\"entry-header\">\r\n                                    <h3 class=\"post-title\">Alana Institute and LACLIMA launch analysis on children in climate COPs<\/h3>\r\n                                <\/header>\r\n                            <\/a>\r\n                        <\/div>\r\n                    <\/div>\r\n\r\n                                    <div class=\"col-md-6\">\r\n                        <div class=\"post-item\">\r\n                            \r\n                            <a href=\"https:\/\/alana.org.br\/en\/alana-joins-child-rights-connect\/\" title=\"Ir para Alana Institute is accepted as a member of Child Rights Connect\">\r\n                                <div class=\"entry-thumbnail\">\r\n                                    <img loading=\"lazy\" decoding=\"async\" width=\"580\" height=\"387\" src=\"https:\/\/alana.org.br\/wp-content\/uploads\/2022\/06\/shutterstock-2047896716-1024x683.jpg\" class=\"attachment-large size-large wp-post-image\" alt=\"\" srcset=\"https:\/\/alana.org.br\/wp-content\/uploads\/2022\/06\/shutterstock-2047896716-1024x683.jpg 1024w, https:\/\/alana.org.br\/wp-content\/uploads\/2022\/06\/shutterstock-2047896716-300x200.jpg 300w, https:\/\/alana.org.br\/wp-content\/uploads\/2022\/06\/shutterstock-2047896716-768x512.jpg 768w, https:\/\/alana.org.br\/wp-content\/uploads\/2022\/06\/shutterstock-2047896716-1536x1024.jpg 1536w, https:\/\/alana.org.br\/wp-content\/uploads\/2022\/06\/shutterstock-2047896716-2048x1365.jpg 2048w, https:\/\/alana.org.br\/wp-content\/uploads\/2022\/06\/shutterstock-2047896716-260x173.jpg 260w\" sizes=\"auto, (max-width: 580px) 100vw, 580px\" \/>                                    <div class=\"post_date\">\r\n                                        <span class=\"day\">15<\/span>\r\n                                        <span class=\"month\">Jun<\/span>\r\n                                    <\/div>\r\n                                <\/div>\r\n                                <header class=\"entry-header\">\r\n                                    <h3 class=\"post-title\">Alana Institute is accepted as a member of Child Rights Connect<\/h3>\r\n                                <\/header>\r\n                            <\/a>\r\n                        <\/div>\r\n                    <\/div>\r\n\r\n                \r\n                <div class=\"wp-block-buttons is-content-justification-center\">\r\n                    <div class=\"wp-block-button is-style-outline\">\r\n                        <a class=\"wp-block-button__link has-verde-veronese-color has-text-color\" href=\"https:\/\/alana.org.br\/noticias\/\" style=\"border-radius:50px\">\r\n                            Check all the news                        <\/a>\r\n                    <\/div>\r\n                <\/div>\r\n\r\n            <\/div>\r\n        <\/div>\r\n        <div class=\"tab-pane fade\" id=\"pills-publicacoes\" role=\"tabpanel\" aria-labelledby=\"pills-publicacoes-tab\">\r\n            <div class=\"row\">\r\n                \r\n                <div class=\"wp-block-buttons is-content-justification-center\">\r\n                    <div class=\"wp-block-button is-style-outline\">\r\n                        <a class=\"wp-block-button__link has-verde-veronese-color has-text-color\" href=\"https:\/\/alana.org.br\/materiais-disponiveis\/\" style=\"border-radius:50px\">\r\n                            Check all materials                        <\/a>\r\n                    <\/div>\r\n                <\/div>\r\n\r\n            <\/div>\r\n        <\/div>\r\n       \r\n    <\/div>\r\n\r\n\t\r\n<\/div>","protected":false},"excerpt":{"rendered":"<p>A news and information platform showcasing diverse perspectives on childhood in Brazil. <\/p>\n<p>Lunetas is our journalistic home, a multimedia portal that portrays different viewpoints on childhood, recognizing the uniqueness of each individual experience. <\/p>\n","protected":false},"author":7,"featured_media":70859,"parent":71647,"menu_order":0,"comment_status":"closed","ping_status":"closed","template":"","meta":{"_acf_changed":false,"inline_featured_image":false,"footnotes":""},"class_list":["post-71704","page","type-page","status-publish","has-post-thumbnail","hentry"],"acf":[],"yoast_head":"<!-- This site is optimized with the Yoast SEO plugin v25.6 - https:\/\/yoast.com\/wordpress\/plugins\/seo\/ -->\n<title>Lunettes Portal- Alana<\/title>\n<meta name=\"description\" content=\"Lunettes Portal is a news portal to broaden multiple views about Brazil&#039;s many childhoods\" \/>\n<meta name=\"robots\" content=\"index, follow, max-snippet:-1, max-image-preview:large, max-video-preview:-1\" \/>\n<link rel=\"canonical\" href=\"https:\/\/alana.org.br\/en\/alana-institute\/initiatives\/lunettes-portal\/\" \/>\n<meta property=\"og:locale\" content=\"en_US\" \/>\n<meta property=\"og:type\" content=\"article\" \/>\n<meta property=\"og:title\" content=\"Lunettes Portal- Alana\" \/>\n<meta property=\"og:description\" content=\"Lunettes Portal is a news portal to broaden multiple views about Brazil&#039;s many childhoods\" \/>\n<meta property=\"og:url\" content=\"https:\/\/alana.org.br\/en\/alana-institute\/initiatives\/lunettes-portal\/\" \/>\n<meta property=\"og:site_name\" content=\"Alana\" \/>\n<meta property=\"article:modified_time\" content=\"2023-06-13T18:07:39+00:00\" \/>\n<meta property=\"og:image\" content=\"https:\/\/alana.org.br\/wp-content\/uploads\/2022\/07\/l.jpg\" \/>\n\t<meta property=\"og:image:width\" content=\"1280\" \/>\n\t<meta property=\"og:image:height\" content=\"720\" \/>\n\t<meta property=\"og:image:type\" content=\"image\/jpeg\" \/>\n<meta name=\"twitter:card\" content=\"summary_large_image\" \/>\n<meta name=\"twitter:label1\" content=\"Est. reading time\" \/>\n\t<meta name=\"twitter:data1\" content=\"2 minutes\" \/>\n<script type=\"application\/ld+json\" class=\"yoast-schema-graph\">{\"@context\":\"https:\/\/schema.org\",\"@graph\":[{\"@type\":\"WebPage\",\"@id\":\"https:\/\/alana.org.br\/en\/alana-institute\/initiatives\/lunettes-portal\/\",\"url\":\"https:\/\/alana.org.br\/en\/alana-institute\/initiatives\/lunettes-portal\/\",\"name\":\"Lunettes Portal- Alana\",\"isPartOf\":{\"@id\":\"https:\/\/alana.org.br\/#website\"},\"primaryImageOfPage\":{\"@id\":\"https:\/\/alana.org.br\/en\/alana-institute\/initiatives\/lunettes-portal\/#primaryimage\"},\"image\":{\"@id\":\"https:\/\/alana.org.br\/en\/alana-institute\/initiatives\/lunettes-portal\/#primaryimage\"},\"thumbnailUrl\":\"https:\/\/alana.org.br\/wp-content\/uploads\/2022\/07\/l.jpg\",\"datePublished\":\"2021-11-08T20:07:43+00:00\",\"dateModified\":\"2023-06-13T18:07:39+00:00\",\"description\":\"Lunettes Portal is a news portal to broaden multiple views about Brazil's many childhoods\",\"breadcrumb\":{\"@id\":\"https:\/\/alana.org.br\/en\/alana-institute\/initiatives\/lunettes-portal\/#breadcrumb\"},\"inLanguage\":\"en-US\",\"potentialAction\":[{\"@type\":\"ReadAction\",\"target\":[\"https:\/\/alana.org.br\/en\/alana-institute\/initiatives\/lunettes-portal\/\"]}]},{\"@type\":\"ImageObject\",\"inLanguage\":\"en-US\",\"@id\":\"https:\/\/alana.org.br\/en\/alana-institute\/initiatives\/lunettes-portal\/#primaryimage\",\"url\":\"https:\/\/alana.org.br\/wp-content\/uploads\/2022\/07\/l.jpg\",\"contentUrl\":\"https:\/\/alana.org.br\/wp-content\/uploads\/2022\/07\/l.jpg\",\"width\":1280,\"height\":720,\"caption\":\"Na imagem, uma crian\u00e7a negra olha atrav\u00e9s de uma luneta feita de cilindro de papel\u00e3o.\"},{\"@type\":\"BreadcrumbList\",\"@id\":\"https:\/\/alana.org.br\/en\/alana-institute\/initiatives\/lunettes-portal\/#breadcrumb\",\"itemListElement\":[{\"@type\":\"ListItem\",\"position\":1,\"name\":\"Home\",\"item\":\"https:\/\/alana.org.br\/en\/\"},{\"@type\":\"ListItem\",\"position\":2,\"name\":\"Alana Institute\",\"item\":\"https:\/\/alana.org.br\/en\/alana-institute\/\"},{\"@type\":\"ListItem\",\"position\":3,\"name\":\"Initiatives\",\"item\":\"https:\/\/alana.org.br\/en\/alana-institute\/initiatives\/\"},{\"@type\":\"ListItem\",\"position\":4,\"name\":\"Lunettes Portal\"}]},{\"@type\":\"WebSite\",\"@id\":\"https:\/\/alana.org.br\/#website\",\"url\":\"https:\/\/alana.org.br\/\",\"name\":\"Alana\",\"description\":\"\",\"publisher\":{\"@id\":\"https:\/\/alana.org.br\/#organization\"},\"potentialAction\":[{\"@type\":\"SearchAction\",\"target\":{\"@type\":\"EntryPoint\",\"urlTemplate\":\"https:\/\/alana.org.br\/?s={search_term_string}\"},\"query-input\":{\"@type\":\"PropertyValueSpecification\",\"valueRequired\":true,\"valueName\":\"search_term_string\"}}],\"inLanguage\":\"en-US\"},{\"@type\":\"Organization\",\"@id\":\"https:\/\/alana.org.br\/#organization\",\"name\":\"Alana\",\"url\":\"https:\/\/alana.org.br\/\",\"logo\":{\"@type\":\"ImageObject\",\"inLanguage\":\"en-US\",\"@id\":\"https:\/\/alana.org.br\/#\/schema\/logo\/image\/\",\"url\":\"https:\/\/alana.org.br\/wp-content\/uploads\/2024\/07\/logo3.png\",\"contentUrl\":\"https:\/\/alana.org.br\/wp-content\/uploads\/2024\/07\/logo3.png\",\"width\":156,\"height\":71,\"caption\":\"Alana\"},\"image\":{\"@id\":\"https:\/\/alana.org.br\/#\/schema\/logo\/image\/\"}}]}<\/script>\n<!-- \/ Yoast SEO plugin. -->","yoast_head_json":{"title":"Lunettes Portal- Alana","description":"Lunettes Portal is a news portal to broaden multiple views about Brazil's many childhoods","robots":{"index":"index","follow":"follow","max-snippet":"max-snippet:-1","max-image-preview":"max-image-preview:large","max-video-preview":"max-video-preview:-1"},"canonical":"https:\/\/alana.org.br\/en\/alana-institute\/initiatives\/lunettes-portal\/","og_locale":"en_US","og_type":"article","og_title":"Lunettes Portal- Alana","og_description":"Lunettes Portal is a news portal to broaden multiple views about Brazil's many childhoods","og_url":"https:\/\/alana.org.br\/en\/alana-institute\/initiatives\/lunettes-portal\/","og_site_name":"Alana","article_modified_time":"2023-06-13T18:07:39+00:00","og_image":[{"width":1280,"height":720,"url":"https:\/\/alana.org.br\/wp-content\/uploads\/2022\/07\/l.jpg","type":"image\/jpeg"}],"twitter_card":"summary_large_image","twitter_misc":{"Est. reading time":"2 minutes"},"schema":{"@context":"https:\/\/schema.org","@graph":[{"@type":"WebPage","@id":"https:\/\/alana.org.br\/en\/alana-institute\/initiatives\/lunettes-portal\/","url":"https:\/\/alana.org.br\/en\/alana-institute\/initiatives\/lunettes-portal\/","name":"Lunettes Portal- Alana","isPartOf":{"@id":"https:\/\/alana.org.br\/#website"},"primaryImageOfPage":{"@id":"https:\/\/alana.org.br\/en\/alana-institute\/initiatives\/lunettes-portal\/#primaryimage"},"image":{"@id":"https:\/\/alana.org.br\/en\/alana-institute\/initiatives\/lunettes-portal\/#primaryimage"},"thumbnailUrl":"https:\/\/alana.org.br\/wp-content\/uploads\/2022\/07\/l.jpg","datePublished":"2021-11-08T20:07:43+00:00","dateModified":"2023-06-13T18:07:39+00:00","description":"Lunettes Portal is a news portal to broaden multiple views about Brazil's many childhoods","breadcrumb":{"@id":"https:\/\/alana.org.br\/en\/alana-institute\/initiatives\/lunettes-portal\/#breadcrumb"},"inLanguage":"en-US","potentialAction":[{"@type":"ReadAction","target":["https:\/\/alana.org.br\/en\/alana-institute\/initiatives\/lunettes-portal\/"]}]},{"@type":"ImageObject","inLanguage":"en-US","@id":"https:\/\/alana.org.br\/en\/alana-institute\/initiatives\/lunettes-portal\/#primaryimage","url":"https:\/\/alana.org.br\/wp-content\/uploads\/2022\/07\/l.jpg","contentUrl":"https:\/\/alana.org.br\/wp-content\/uploads\/2022\/07\/l.jpg","width":1280,"height":720,"caption":"Na imagem, uma crian\u00e7a negra olha atrav\u00e9s de uma luneta feita de cilindro de papel\u00e3o."},{"@type":"BreadcrumbList","@id":"https:\/\/alana.org.br\/en\/alana-institute\/initiatives\/lunettes-portal\/#breadcrumb","itemListElement":[{"@type":"ListItem","position":1,"name":"Home","item":"https:\/\/alana.org.br\/en\/"},{"@type":"ListItem","position":2,"name":"Alana Institute","item":"https:\/\/alana.org.br\/en\/alana-institute\/"},{"@type":"ListItem","position":3,"name":"Initiatives","item":"https:\/\/alana.org.br\/en\/alana-institute\/initiatives\/"},{"@type":"ListItem","position":4,"name":"Lunettes Portal"}]},{"@type":"WebSite","@id":"https:\/\/alana.org.br\/#website","url":"https:\/\/alana.org.br\/","name":"Alana","description":"","publisher":{"@id":"https:\/\/alana.org.br\/#organization"},"potentialAction":[{"@type":"SearchAction","target":{"@type":"EntryPoint","urlTemplate":"https:\/\/alana.org.br\/?s={search_term_string}"},"query-input":{"@type":"PropertyValueSpecification","valueRequired":true,"valueName":"search_term_string"}}],"inLanguage":"en-US"},{"@type":"Organization","@id":"https:\/\/alana.org.br\/#organization","name":"Alana","url":"https:\/\/alana.org.br\/","logo":{"@type":"ImageObject","inLanguage":"en-US","@id":"https:\/\/alana.org.br\/#\/schema\/logo\/image\/","url":"https:\/\/alana.org.br\/wp-content\/uploads\/2024\/07\/logo3.png","contentUrl":"https:\/\/alana.org.br\/wp-content\/uploads\/2024\/07\/logo3.png","width":156,"height":71,"caption":"Alana"},"image":{"@id":"https:\/\/alana.org.br\/#\/schema\/logo\/image\/"}}]}},"_links":{"self":[{"href":"https:\/\/alana.org.br\/en\/wp-json\/wp\/v2\/pages\/71704","targetHints":{"allow":["GET"]}}],"collection":[{"href":"https:\/\/alana.org.br\/en\/wp-json\/wp\/v2\/pages"}],"about":[{"href":"https:\/\/alana.org.br\/en\/wp-json\/wp\/v2\/types\/page"}],"author":[{"embeddable":true,"href":"https:\/\/alana.org.br\/en\/wp-json\/wp\/v2\/users\/7"}],"replies":[{"embeddable":true,"href":"https:\/\/alana.org.br\/en\/wp-json\/wp\/v2\/comments?post=71704"}],"version-history":[{"count":10,"href":"https:\/\/alana.org.br\/en\/wp-json\/wp\/v2\/pages\/71704\/revisions"}],"predecessor-version":[{"id":72956,"href":"https:\/\/alana.org.br\/en\/wp-json\/wp\/v2\/pages\/71704\/revisions\/72956"}],"up":[{"embeddable":true,"href":"https:\/\/alana.org.br\/en\/wp-json\/wp\/v2\/pages\/71647"}],"wp:featuredmedia":[{"embeddable":true,"href":"https:\/\/alana.org.br\/en\/wp-json\/wp\/v2\/media\/70859"}],"wp:attachment":[{"href":"https:\/\/alana.org.br\/en\/wp-json\/wp\/v2\/media?parent=71704"}],"curies":[{"name":"wp","href":"https:\/\/api.w.org\/{rel}","templated":true}]}}