{"id":71699,"date":"2022-07-29T16:29:43","date_gmt":"2022-07-29T19:29:43","guid":{"rendered":"https:\/\/homolog.alana.org.br\/alana-institute\/initiatives\/children-and-consumption\/"},"modified":"2025-04-29T20:03:06","modified_gmt":"2025-04-29T23:03:06","slug":"children-and-consumerism","status":"publish","type":"page","link":"https:\/\/alana.org.br\/en\/alana-institute\/initiatives\/children-and-consumerism\/","title":{"rendered":"Children and Consumerism"},"content":{"rendered":"\n<p>Although it is prohibited by Brazilian law, <a href=\"https:\/\/alana.org.br\/glossario\/publicidade-infantil\/\">children&#8217;s advertising<\/a> is still a practice of many companies. They take advantage of the hypervulnerability of children to build relentless consumer desires.&nbsp;<\/p>\n\n\n\n<p>The goal of the Children and Consumerism program is to disseminate and debate ideas about the issues related to advertising aimed at children. We promote dialogue to raise social awareness about the risks of advertising aimed at children up to 12 years old, as well as all forms of commercial exploitation of children.\u00a0 We also believe in the articulation with advertising companies, digital platforms, public agencies and civil society organizations.\u00a0<\/p>\n\n\n\n<h5 class=\"wp-block-heading\">RAISING AWARENESS ABOUT THE IMPACTS OF CHILDREN&#8217;S CONSUMERISM<\/h5>\n\n\n\n<p>Produce and disseminate information to alert and engage those involved in the child protection network about the risks of consumerism stimulated by child advertising, at advertising companies, as well as on digital platforms.<\/p>\n\n\n\n<p><\/p>\n\n\n\n<h5 class=\"wp-block-heading\">DENOUNCEMENTS OF ABUSIVE PRACTICES<\/h5>\n\n\n\n<p>Preparation of letters, notifications and representations. These are sent to companies and agencies of the Executive, Legislative and Judiciary branches, thus encouraging the adoption of more ethical and responsible communication practices.&nbsp;<\/p>\n\n\n\n<p><\/p>\n\n\n\n<h5 class=\"wp-block-heading\">PROMOTING TRANSFORMATION<\/h5>\n\n\n\n<p>To influence the formulation and monitoring of public policies, as well as articulations with the judicial system, to strengthen a democratic society. Stimulate changes in the advertisers&#8217; conduct as a strategy to guarantee the rights of children.<\/p>\n\n\n\n<h4 class=\"wp-block-heading\">Follow the Child &amp; Consumerism initiative on the social networks:<\/h4>\n\n\n\n<ul class=\"wp-block-social-links has-normal-icon-size has-icon-color has-icon-background-color is-layout-flex wp-block-social-links-is-layout-flex\"><li style=\"color:#FFFFFF;background-color:#E16261;\" class=\"wp-social-link wp-social-link-facebook has-branco-color has-vermelho-indiano-background-color wp-block-social-link\"><a rel=\"noopener nofollow\" target=\"_blank\" href=\"https:\/\/www.facebook.com\/programacriancaeconsumo\" class=\"wp-block-social-link-anchor\"><svg width=\"24\" height=\"24\" viewBox=\"0 0 24 24\" version=\"1.1\" xmlns=\"http:\/\/www.w3.org\/2000\/svg\" aria-hidden=\"true\" focusable=\"false\"><path d=\"M12 2C6.5 2 2 6.5 2 12c0 5 3.7 9.1 8.4 9.9v-7H7.9V12h2.5V9.8c0-2.5 1.5-3.9 3.8-3.9 1.1 0 2.2.2 2.2.2v2.5h-1.3c-1.2 0-1.6.8-1.6 1.6V12h2.8l-.4 2.9h-2.3v7C18.3 21.1 22 17 22 12c0-5.5-4.5-10-10-10z\"><\/path><\/svg><span class=\"wp-block-social-link-label screen-reader-text\">Facebook<\/span><\/a><\/li>\n\n<li style=\"color:#FFFFFF;background-color:#E16261;\" class=\"wp-social-link wp-social-link-instagram has-branco-color has-vermelho-indiano-background-color wp-block-social-link\"><a rel=\"noopener nofollow\" target=\"_blank\" href=\"https:\/\/www.instagram.com\/criancaeconsumo\/\" class=\"wp-block-social-link-anchor\"><svg width=\"24\" height=\"24\" viewBox=\"0 0 24 24\" version=\"1.1\" xmlns=\"http:\/\/www.w3.org\/2000\/svg\" aria-hidden=\"true\" focusable=\"false\"><path d=\"M12,4.622c2.403,0,2.688,0.009,3.637,0.052c0.877,0.04,1.354,0.187,1.671,0.31c0.42,0.163,0.72,0.358,1.035,0.673 c0.315,0.315,0.51,0.615,0.673,1.035c0.123,0.317,0.27,0.794,0.31,1.671c0.043,0.949,0.052,1.234,0.052,3.637 s-0.009,2.688-0.052,3.637c-0.04,0.877-0.187,1.354-0.31,1.671c-0.163,0.42-0.358,0.72-0.673,1.035 c-0.315,0.315-0.615,0.51-1.035,0.673c-0.317,0.123-0.794,0.27-1.671,0.31c-0.949,0.043-1.233,0.052-3.637,0.052 s-2.688-0.009-3.637-0.052c-0.877-0.04-1.354-0.187-1.671-0.31c-0.42-0.163-0.72-0.358-1.035-0.673 c-0.315-0.315-0.51-0.615-0.673-1.035c-0.123-0.317-0.27-0.794-0.31-1.671C4.631,14.688,4.622,14.403,4.622,12 s0.009-2.688,0.052-3.637c0.04-0.877,0.187-1.354,0.31-1.671c0.163-0.42,0.358-0.72,0.673-1.035 c0.315-0.315,0.615-0.51,1.035-0.673c0.317-0.123,0.794-0.27,1.671-0.31C9.312,4.631,9.597,4.622,12,4.622 M12,3 C9.556,3,9.249,3.01,8.289,3.054C7.331,3.098,6.677,3.25,6.105,3.472C5.513,3.702,5.011,4.01,4.511,4.511 c-0.5,0.5-0.808,1.002-1.038,1.594C3.25,6.677,3.098,7.331,3.054,8.289C3.01,9.249,3,9.556,3,12c0,2.444,0.01,2.751,0.054,3.711 c0.044,0.958,0.196,1.612,0.418,2.185c0.23,0.592,0.538,1.094,1.038,1.594c0.5,0.5,1.002,0.808,1.594,1.038 c0.572,0.222,1.227,0.375,2.185,0.418C9.249,20.99,9.556,21,12,21s2.751-0.01,3.711-0.054c0.958-0.044,1.612-0.196,2.185-0.418 c0.592-0.23,1.094-0.538,1.594-1.038c0.5-0.5,0.808-1.002,1.038-1.594c0.222-0.572,0.375-1.227,0.418-2.185 C20.99,14.751,21,14.444,21,12s-0.01-2.751-0.054-3.711c-0.044-0.958-0.196-1.612-0.418-2.185c-0.23-0.592-0.538-1.094-1.038-1.594 c-0.5-0.5-1.002-0.808-1.594-1.038c-0.572-0.222-1.227-0.375-2.185-0.418C14.751,3.01,14.444,3,12,3L12,3z M12,7.378 c-2.552,0-4.622,2.069-4.622,4.622S9.448,16.622,12,16.622s4.622-2.069,4.622-4.622S14.552,7.378,12,7.378z M12,15 c-1.657,0-3-1.343-3-3s1.343-3,3-3s3,1.343,3,3S13.657,15,12,15z M16.804,6.116c-0.596,0-1.08,0.484-1.08,1.08 s0.484,1.08,1.08,1.08c0.596,0,1.08-0.484,1.08-1.08S17.401,6.116,16.804,6.116z\"><\/path><\/svg><span class=\"wp-block-social-link-label screen-reader-text\">Instagram<\/span><\/a><\/li>\n\n<li style=\"color:#FFFFFF;background-color:#E16261;\" class=\"wp-social-link wp-social-link-chain has-branco-color has-vermelho-indiano-background-color wp-block-social-link\"><a rel=\"noopener nofollow\" target=\"_blank\" href=\"https:\/\/criancaeconsumo.org.br\/?utm_source=linktree&#038;utm_medium=social&#038;utm_campaign=homecec\" class=\"wp-block-social-link-anchor\"><svg width=\"24\" height=\"24\" viewBox=\"0 0 24 24\" version=\"1.1\" xmlns=\"http:\/\/www.w3.org\/2000\/svg\" aria-hidden=\"true\" focusable=\"false\"><path d=\"M15.6,7.2H14v1.5h1.6c2,0,3.7,1.7,3.7,3.7s-1.7,3.7-3.7,3.7H14v1.5h1.6c2.8,0,5.2-2.3,5.2-5.2,0-2.9-2.3-5.2-5.2-5.2zM4.7,12.4c0-2,1.7-3.7,3.7-3.7H10V7.2H8.4c-2.9,0-5.2,2.3-5.2,5.2,0,2.9,2.3,5.2,5.2,5.2H10v-1.5H8.4c-2,0-3.7-1.7-3.7-3.7zm4.6.9h5.3v-1.5H9.3v1.5z\"><\/path><\/svg><span class=\"wp-block-social-link-label screen-reader-text\">Link<\/span><\/a><\/li><\/ul>\n\n\n\n<div style=\"height:5px\" aria-hidden=\"true\" class=\"wp-block-spacer\"><\/div>\n\n\n\n<h2 class=\"wp-block-heading titulo-padrao mb-0\">RELATED CONTENT<\/h2>\n\n\n\r\n\r\n\r\n<div class=\"\" id=\"\">\r\n    <ul class=\"nav nav-pills mb-3\" id=\"pills-tab\" role=\"tablist\">\r\n        <li class=\"nav-item\" role=\"presentation\">\r\n            <button class=\"nav-link active\" id=\"pills-noticias-tab\" data-bs-toggle=\"pill\" data-bs-target=\"#pills-noticias\" type=\"button\" role=\"tab\" aria-controls=\"pills-noticias\" aria-selected=\"true\">News<\/button>\r\n        <\/li>\r\n        <li class=\"nav-item\" role=\"presentation\">\r\n            <button class=\"nav-link\" id=\"pills-publicacoes-tab\" data-bs-toggle=\"pill\" data-bs-target=\"#pills-publicacoes\" type=\"button\" role=\"tab\" aria-controls=\"pills-publicacoes\" aria-selected=\"false\">Materials<\/button>\r\n        <\/li>\r\n    <\/ul>\r\n    <div class=\"tab-content\" id=\"pills-tabContent\">\r\n        <div class=\"tab-pane fade show active\" id=\"pills-noticias\" role=\"tabpanel\" aria-labelledby=\"pills-noticias-tab\">\r\n            <div class=\"row\">\r\n                                    <div class=\"col-md-6\">\r\n                        <div class=\"post-item\">\r\n                            \r\n                            <a href=\"https:\/\/alana.org.br\/en\/elevate-children-funders-group-2\/\" title=\"Ir para Alana Foundation accepted into Elevate Children Funders Group, global network of funders focused on children&#8217;s rights\">\r\n                                <div class=\"entry-thumbnail\">\r\n                                    <img loading=\"lazy\" decoding=\"async\" width=\"580\" height=\"387\" src=\"https:\/\/alana.org.br\/wp-content\/uploads\/2022\/12\/alana-elevate-children-funders-group-1024x683.webp\" class=\"attachment-large size-large wp-post-image\" alt=\"Elevate Children Funders Group: na foto, menina desenha um arco-\u00edris em uma grande janela de vidro.\" srcset=\"https:\/\/alana.org.br\/wp-content\/uploads\/2022\/12\/alana-elevate-children-funders-group-1024x683.webp 1024w, https:\/\/alana.org.br\/wp-content\/uploads\/2022\/12\/alana-elevate-children-funders-group-300x200.webp 300w, https:\/\/alana.org.br\/wp-content\/uploads\/2022\/12\/alana-elevate-children-funders-group-768x512.webp 768w, https:\/\/alana.org.br\/wp-content\/uploads\/2022\/12\/alana-elevate-children-funders-group-1536x1024.webp 1536w, https:\/\/alana.org.br\/wp-content\/uploads\/2022\/12\/alana-elevate-children-funders-group-2048x1366.webp 2048w, https:\/\/alana.org.br\/wp-content\/uploads\/2022\/12\/alana-elevate-children-funders-group-1200x800.webp 1200w, https:\/\/alana.org.br\/wp-content\/uploads\/2022\/12\/alana-elevate-children-funders-group-1980x1320.webp 1980w\" sizes=\"auto, (max-width: 580px) 100vw, 580px\" \/>                                    <div class=\"post_date\">\r\n                                        <span class=\"day\">15<\/span>\r\n                                        <span class=\"month\">Dec<\/span>\r\n                                    <\/div>\r\n                                <\/div>\r\n                                <header class=\"entry-header\">\r\n                                    <h3 class=\"post-title\">Alana Foundation accepted into Elevate Children Funders Group, global network of funders focused on children&#8217;s rights<\/h3>\r\n                                <\/header>\r\n                            <\/a>\r\n                        <\/div>\r\n                    <\/div>\r\n\r\n                                    <div class=\"col-md-6\">\r\n                        <div class=\"post-item\">\r\n                            \r\n                            <a href=\"https:\/\/alana.org.br\/en\/alana-usp-down-syndrome\/\" title=\"Ir para Alana Foundation and USP unite to create a research and advocacy network on Down syndrome\">\r\n                                <div class=\"entry-thumbnail\">\r\n                                    <img loading=\"lazy\" decoding=\"async\" width=\"580\" height=\"310\" src=\"https:\/\/alana.org.br\/wp-content\/uploads\/2023\/03\/alana-advocacy-sindrome-down-1024x548.webp\" class=\"attachment-large size-large wp-post-image\" alt=\"Crian\u00e7a branca com s\u00edndrome de Down abra\u00e7a um adulto.\" srcset=\"https:\/\/alana.org.br\/wp-content\/uploads\/2023\/03\/alana-advocacy-sindrome-down-1024x548.webp 1024w, https:\/\/alana.org.br\/wp-content\/uploads\/2023\/03\/alana-advocacy-sindrome-down-300x161.webp 300w, https:\/\/alana.org.br\/wp-content\/uploads\/2023\/03\/alana-advocacy-sindrome-down-768x411.webp 768w, https:\/\/alana.org.br\/wp-content\/uploads\/2023\/03\/alana-advocacy-sindrome-down-1536x822.webp 1536w, https:\/\/alana.org.br\/wp-content\/uploads\/2023\/03\/alana-advocacy-sindrome-down-2048x1096.webp 2048w, https:\/\/alana.org.br\/wp-content\/uploads\/2023\/03\/alana-advocacy-sindrome-down-1200x642.webp 1200w, https:\/\/alana.org.br\/wp-content\/uploads\/2023\/03\/alana-advocacy-sindrome-down-1980x1060.webp 1980w\" sizes=\"auto, (max-width: 580px) 100vw, 580px\" \/>                                    <div class=\"post_date\">\r\n                                        <span class=\"day\">27<\/span>\r\n                                        <span class=\"month\">Mar<\/span>\r\n                                    <\/div>\r\n                                <\/div>\r\n                                <header class=\"entry-header\">\r\n                                    <h3 class=\"post-title\">Alana Foundation and USP unite to create a research and advocacy network on Down syndrome<\/h3>\r\n                                <\/header>\r\n                            <\/a>\r\n                        <\/div>\r\n                    <\/div>\r\n\r\n                                    <div class=\"col-md-6\">\r\n                        <div class=\"post-item\">\r\n                            \r\n                            <a href=\"https:\/\/alana.org.br\/en\/paper-children-cop\/\" title=\"Ir para Alana Institute and LACLIMA launch analysis on children in climate COPs\">\r\n                                <div class=\"entry-thumbnail\">\r\n                                    <img loading=\"lazy\" decoding=\"async\" width=\"580\" height=\"387\" src=\"https:\/\/alana.org.br\/wp-content\/uploads\/2025\/06\/shutterstock_2273070943-1024x683.jpg\" class=\"attachment-large size-large wp-post-image\" alt=\"Crian\u00e7as na COP: na imagem, m\u00e3os de crian\u00e7as desenham o Planeta Terra com l\u00e1pis coloridos\" srcset=\"https:\/\/alana.org.br\/wp-content\/uploads\/2025\/06\/shutterstock_2273070943-1024x683.jpg 1024w, https:\/\/alana.org.br\/wp-content\/uploads\/2025\/06\/shutterstock_2273070943-300x200.jpg 300w, https:\/\/alana.org.br\/wp-content\/uploads\/2025\/06\/shutterstock_2273070943-768x512.jpg 768w, https:\/\/alana.org.br\/wp-content\/uploads\/2025\/06\/shutterstock_2273070943-1536x1024.jpg 1536w, https:\/\/alana.org.br\/wp-content\/uploads\/2025\/06\/shutterstock_2273070943-2048x1365.jpg 2048w, https:\/\/alana.org.br\/wp-content\/uploads\/2025\/06\/shutterstock_2273070943-1200x800.jpg 1200w, https:\/\/alana.org.br\/wp-content\/uploads\/2025\/06\/shutterstock_2273070943-1980x1320.jpg 1980w\" sizes=\"auto, (max-width: 580px) 100vw, 580px\" \/>                                    <div class=\"post_date\">\r\n                                        <span class=\"day\">16<\/span>\r\n                                        <span class=\"month\">Jun<\/span>\r\n                                    <\/div>\r\n                                <\/div>\r\n                                <header class=\"entry-header\">\r\n                                    <h3 class=\"post-title\">Alana Institute and LACLIMA launch analysis on children in climate COPs<\/h3>\r\n                                <\/header>\r\n                            <\/a>\r\n                        <\/div>\r\n                    <\/div>\r\n\r\n                                    <div class=\"col-md-6\">\r\n                        <div class=\"post-item\">\r\n                            \r\n                            <a href=\"https:\/\/alana.org.br\/en\/alana-joins-child-rights-connect\/\" title=\"Ir para Alana Institute is accepted as a member of Child Rights Connect\">\r\n                                <div class=\"entry-thumbnail\">\r\n                                    <img loading=\"lazy\" decoding=\"async\" width=\"580\" height=\"387\" src=\"https:\/\/alana.org.br\/wp-content\/uploads\/2022\/06\/shutterstock-2047896716-1024x683.jpg\" class=\"attachment-large size-large wp-post-image\" alt=\"\" srcset=\"https:\/\/alana.org.br\/wp-content\/uploads\/2022\/06\/shutterstock-2047896716-1024x683.jpg 1024w, https:\/\/alana.org.br\/wp-content\/uploads\/2022\/06\/shutterstock-2047896716-300x200.jpg 300w, https:\/\/alana.org.br\/wp-content\/uploads\/2022\/06\/shutterstock-2047896716-768x512.jpg 768w, https:\/\/alana.org.br\/wp-content\/uploads\/2022\/06\/shutterstock-2047896716-1536x1024.jpg 1536w, https:\/\/alana.org.br\/wp-content\/uploads\/2022\/06\/shutterstock-2047896716-2048x1365.jpg 2048w, https:\/\/alana.org.br\/wp-content\/uploads\/2022\/06\/shutterstock-2047896716-260x173.jpg 260w\" sizes=\"auto, (max-width: 580px) 100vw, 580px\" \/>                                    <div class=\"post_date\">\r\n                                        <span class=\"day\">15<\/span>\r\n                                        <span class=\"month\">Jun<\/span>\r\n                                    <\/div>\r\n                                <\/div>\r\n                                <header class=\"entry-header\">\r\n                                    <h3 class=\"post-title\">Alana Institute is accepted as a member of Child Rights Connect<\/h3>\r\n                                <\/header>\r\n                            <\/a>\r\n                        <\/div>\r\n                    <\/div>\r\n\r\n                \r\n                <div class=\"wp-block-buttons is-content-justification-center\">\r\n                    <div class=\"wp-block-button is-style-outline\">\r\n                        <a class=\"wp-block-button__link has-verde-veronese-color has-text-color\" href=\"https:\/\/alana.org.br\/noticias\/\" style=\"border-radius:50px\">\r\n                            Check all the news                        <\/a>\r\n                    <\/div>\r\n                <\/div>\r\n\r\n            <\/div>\r\n        <\/div>\r\n        <div class=\"tab-pane fade\" id=\"pills-publicacoes\" role=\"tabpanel\" aria-labelledby=\"pills-publicacoes-tab\">\r\n            <div class=\"row\">\r\n                \r\n                <div class=\"wp-block-buttons is-content-justification-center\">\r\n                    <div class=\"wp-block-button is-style-outline\">\r\n                        <a class=\"wp-block-button__link has-verde-veronese-color has-text-color\" href=\"https:\/\/alana.org.br\/materiais-disponiveis\/\" style=\"border-radius:50px\">\r\n                            Check all materials                        <\/a>\r\n                    <\/div>\r\n                <\/div>\r\n\r\n            <\/div>\r\n        <\/div>\r\n       \r\n    <\/div>\r\n\r\n\t\r\n<\/div>","protected":false},"excerpt":{"rendered":"<p>Preventing and mitigating the damages resulting from children&#8217;s commercial exploitation.<\/p>\n","protected":false},"author":7,"featured_media":70855,"parent":71647,"menu_order":0,"comment_status":"closed","ping_status":"closed","template":"","meta":{"_acf_changed":false,"inline_featured_image":false,"footnotes":""},"class_list":["post-71699","page","type-page","status-publish","has-post-thumbnail","hentry"],"acf":[],"yoast_head":"<!-- This site is optimized with the Yoast SEO plugin v25.6 - https:\/\/yoast.com\/wordpress\/plugins\/seo\/ -->\n<title>Children and Consumption - Alana<\/title>\n<meta name=\"description\" content=\"The goal of the Children and Consumption program is to disseminate and debate ideas about the issues related to advertising aimed at children.\" \/>\n<meta name=\"robots\" content=\"index, follow, max-snippet:-1, max-image-preview:large, max-video-preview:-1\" \/>\n<link rel=\"canonical\" href=\"https:\/\/alana.org.br\/en\/alana-institute\/initiatives\/children-and-consumerism\/\" \/>\n<meta property=\"og:locale\" content=\"en_US\" \/>\n<meta property=\"og:type\" content=\"article\" \/>\n<meta property=\"og:title\" content=\"Children and Consumption - Alana\" \/>\n<meta property=\"og:description\" content=\"The goal of the Children and Consumption program is to disseminate and debate ideas about the issues related to advertising aimed at children.\" \/>\n<meta property=\"og:url\" content=\"https:\/\/alana.org.br\/en\/alana-institute\/initiatives\/children-and-consumerism\/\" \/>\n<meta property=\"og:site_name\" content=\"Alana\" \/>\n<meta property=\"article:modified_time\" content=\"2025-04-29T23:03:06+00:00\" \/>\n<meta property=\"og:image\" content=\"https:\/\/alana.org.br\/wp-content\/uploads\/2022\/07\/crianca-e-consumo.jpg\" \/>\n\t<meta property=\"og:image:width\" content=\"720\" \/>\n\t<meta property=\"og:image:height\" content=\"478\" \/>\n\t<meta property=\"og:image:type\" content=\"image\/jpeg\" \/>\n<meta name=\"twitter:card\" content=\"summary_large_image\" \/>\n<meta name=\"twitter:label1\" content=\"Est. reading time\" \/>\n\t<meta name=\"twitter:data1\" content=\"2 minutes\" \/>\n<script type=\"application\/ld+json\" class=\"yoast-schema-graph\">{\"@context\":\"https:\/\/schema.org\",\"@graph\":[{\"@type\":\"WebPage\",\"@id\":\"https:\/\/alana.org.br\/en\/alana-institute\/initiatives\/children-and-consumerism\/\",\"url\":\"https:\/\/alana.org.br\/en\/alana-institute\/initiatives\/children-and-consumerism\/\",\"name\":\"Children and Consumption - Alana\",\"isPartOf\":{\"@id\":\"https:\/\/alana.org.br\/#website\"},\"primaryImageOfPage\":{\"@id\":\"https:\/\/alana.org.br\/en\/alana-institute\/initiatives\/children-and-consumerism\/#primaryimage\"},\"image\":{\"@id\":\"https:\/\/alana.org.br\/en\/alana-institute\/initiatives\/children-and-consumerism\/#primaryimage\"},\"thumbnailUrl\":\"https:\/\/alana.org.br\/wp-content\/uploads\/2022\/07\/crianca-e-consumo.jpg\",\"datePublished\":\"2022-07-29T19:29:43+00:00\",\"dateModified\":\"2025-04-29T23:03:06+00:00\",\"description\":\"The goal of the Children and Consumption program is to disseminate and debate ideas about the issues related to advertising aimed at children.\",\"breadcrumb\":{\"@id\":\"https:\/\/alana.org.br\/en\/alana-institute\/initiatives\/children-and-consumerism\/#breadcrumb\"},\"inLanguage\":\"en-US\",\"potentialAction\":[{\"@type\":\"ReadAction\",\"target\":[\"https:\/\/alana.org.br\/en\/alana-institute\/initiatives\/children-and-consumerism\/\"]}]},{\"@type\":\"ImageObject\",\"inLanguage\":\"en-US\",\"@id\":\"https:\/\/alana.org.br\/en\/alana-institute\/initiatives\/children-and-consumerism\/#primaryimage\",\"url\":\"https:\/\/alana.org.br\/wp-content\/uploads\/2022\/07\/crianca-e-consumo.jpg\",\"contentUrl\":\"https:\/\/alana.org.br\/wp-content\/uploads\/2022\/07\/crianca-e-consumo.jpg\",\"width\":720,\"height\":478,\"caption\":\"Na imagem, crian\u00e7as brancas e negras est\u00e3o sentadas lado a lado olhando e mexendo no celular.\"},{\"@type\":\"BreadcrumbList\",\"@id\":\"https:\/\/alana.org.br\/en\/alana-institute\/initiatives\/children-and-consumerism\/#breadcrumb\",\"itemListElement\":[{\"@type\":\"ListItem\",\"position\":1,\"name\":\"Home\",\"item\":\"https:\/\/alana.org.br\/en\/\"},{\"@type\":\"ListItem\",\"position\":2,\"name\":\"Alana Institute\",\"item\":\"https:\/\/alana.org.br\/en\/alana-institute\/\"},{\"@type\":\"ListItem\",\"position\":3,\"name\":\"Initiatives\",\"item\":\"https:\/\/alana.org.br\/en\/alana-institute\/initiatives\/\"},{\"@type\":\"ListItem\",\"position\":4,\"name\":\"Children and Consumerism\"}]},{\"@type\":\"WebSite\",\"@id\":\"https:\/\/alana.org.br\/#website\",\"url\":\"https:\/\/alana.org.br\/\",\"name\":\"Alana\",\"description\":\"\",\"publisher\":{\"@id\":\"https:\/\/alana.org.br\/#organization\"},\"potentialAction\":[{\"@type\":\"SearchAction\",\"target\":{\"@type\":\"EntryPoint\",\"urlTemplate\":\"https:\/\/alana.org.br\/?s={search_term_string}\"},\"query-input\":{\"@type\":\"PropertyValueSpecification\",\"valueRequired\":true,\"valueName\":\"search_term_string\"}}],\"inLanguage\":\"en-US\"},{\"@type\":\"Organization\",\"@id\":\"https:\/\/alana.org.br\/#organization\",\"name\":\"Alana\",\"url\":\"https:\/\/alana.org.br\/\",\"logo\":{\"@type\":\"ImageObject\",\"inLanguage\":\"en-US\",\"@id\":\"https:\/\/alana.org.br\/#\/schema\/logo\/image\/\",\"url\":\"https:\/\/alana.org.br\/wp-content\/uploads\/2024\/07\/logo3.png\",\"contentUrl\":\"https:\/\/alana.org.br\/wp-content\/uploads\/2024\/07\/logo3.png\",\"width\":156,\"height\":71,\"caption\":\"Alana\"},\"image\":{\"@id\":\"https:\/\/alana.org.br\/#\/schema\/logo\/image\/\"}}]}<\/script>\n<!-- \/ Yoast SEO plugin. -->","yoast_head_json":{"title":"Children and Consumption - Alana","description":"The goal of the Children and Consumption program is to disseminate and debate ideas about the issues related to advertising aimed at children.","robots":{"index":"index","follow":"follow","max-snippet":"max-snippet:-1","max-image-preview":"max-image-preview:large","max-video-preview":"max-video-preview:-1"},"canonical":"https:\/\/alana.org.br\/en\/alana-institute\/initiatives\/children-and-consumerism\/","og_locale":"en_US","og_type":"article","og_title":"Children and Consumption - Alana","og_description":"The goal of the Children and Consumption program is to disseminate and debate ideas about the issues related to advertising aimed at children.","og_url":"https:\/\/alana.org.br\/en\/alana-institute\/initiatives\/children-and-consumerism\/","og_site_name":"Alana","article_modified_time":"2025-04-29T23:03:06+00:00","og_image":[{"width":720,"height":478,"url":"https:\/\/alana.org.br\/wp-content\/uploads\/2022\/07\/crianca-e-consumo.jpg","type":"image\/jpeg"}],"twitter_card":"summary_large_image","twitter_misc":{"Est. reading time":"2 minutes"},"schema":{"@context":"https:\/\/schema.org","@graph":[{"@type":"WebPage","@id":"https:\/\/alana.org.br\/en\/alana-institute\/initiatives\/children-and-consumerism\/","url":"https:\/\/alana.org.br\/en\/alana-institute\/initiatives\/children-and-consumerism\/","name":"Children and Consumption - Alana","isPartOf":{"@id":"https:\/\/alana.org.br\/#website"},"primaryImageOfPage":{"@id":"https:\/\/alana.org.br\/en\/alana-institute\/initiatives\/children-and-consumerism\/#primaryimage"},"image":{"@id":"https:\/\/alana.org.br\/en\/alana-institute\/initiatives\/children-and-consumerism\/#primaryimage"},"thumbnailUrl":"https:\/\/alana.org.br\/wp-content\/uploads\/2022\/07\/crianca-e-consumo.jpg","datePublished":"2022-07-29T19:29:43+00:00","dateModified":"2025-04-29T23:03:06+00:00","description":"The goal of the Children and Consumption program is to disseminate and debate ideas about the issues related to advertising aimed at children.","breadcrumb":{"@id":"https:\/\/alana.org.br\/en\/alana-institute\/initiatives\/children-and-consumerism\/#breadcrumb"},"inLanguage":"en-US","potentialAction":[{"@type":"ReadAction","target":["https:\/\/alana.org.br\/en\/alana-institute\/initiatives\/children-and-consumerism\/"]}]},{"@type":"ImageObject","inLanguage":"en-US","@id":"https:\/\/alana.org.br\/en\/alana-institute\/initiatives\/children-and-consumerism\/#primaryimage","url":"https:\/\/alana.org.br\/wp-content\/uploads\/2022\/07\/crianca-e-consumo.jpg","contentUrl":"https:\/\/alana.org.br\/wp-content\/uploads\/2022\/07\/crianca-e-consumo.jpg","width":720,"height":478,"caption":"Na imagem, crian\u00e7as brancas e negras est\u00e3o sentadas lado a lado olhando e mexendo no celular."},{"@type":"BreadcrumbList","@id":"https:\/\/alana.org.br\/en\/alana-institute\/initiatives\/children-and-consumerism\/#breadcrumb","itemListElement":[{"@type":"ListItem","position":1,"name":"Home","item":"https:\/\/alana.org.br\/en\/"},{"@type":"ListItem","position":2,"name":"Alana Institute","item":"https:\/\/alana.org.br\/en\/alana-institute\/"},{"@type":"ListItem","position":3,"name":"Initiatives","item":"https:\/\/alana.org.br\/en\/alana-institute\/initiatives\/"},{"@type":"ListItem","position":4,"name":"Children and Consumerism"}]},{"@type":"WebSite","@id":"https:\/\/alana.org.br\/#website","url":"https:\/\/alana.org.br\/","name":"Alana","description":"","publisher":{"@id":"https:\/\/alana.org.br\/#organization"},"potentialAction":[{"@type":"SearchAction","target":{"@type":"EntryPoint","urlTemplate":"https:\/\/alana.org.br\/?s={search_term_string}"},"query-input":{"@type":"PropertyValueSpecification","valueRequired":true,"valueName":"search_term_string"}}],"inLanguage":"en-US"},{"@type":"Organization","@id":"https:\/\/alana.org.br\/#organization","name":"Alana","url":"https:\/\/alana.org.br\/","logo":{"@type":"ImageObject","inLanguage":"en-US","@id":"https:\/\/alana.org.br\/#\/schema\/logo\/image\/","url":"https:\/\/alana.org.br\/wp-content\/uploads\/2024\/07\/logo3.png","contentUrl":"https:\/\/alana.org.br\/wp-content\/uploads\/2024\/07\/logo3.png","width":156,"height":71,"caption":"Alana"},"image":{"@id":"https:\/\/alana.org.br\/#\/schema\/logo\/image\/"}}]}},"_links":{"self":[{"href":"https:\/\/alana.org.br\/en\/wp-json\/wp\/v2\/pages\/71699","targetHints":{"allow":["GET"]}}],"collection":[{"href":"https:\/\/alana.org.br\/en\/wp-json\/wp\/v2\/pages"}],"about":[{"href":"https:\/\/alana.org.br\/en\/wp-json\/wp\/v2\/types\/page"}],"author":[{"embeddable":true,"href":"https:\/\/alana.org.br\/en\/wp-json\/wp\/v2\/users\/7"}],"replies":[{"embeddable":true,"href":"https:\/\/alana.org.br\/en\/wp-json\/wp\/v2\/comments?post=71699"}],"version-history":[{"count":8,"href":"https:\/\/alana.org.br\/en\/wp-json\/wp\/v2\/pages\/71699\/revisions"}],"predecessor-version":[{"id":77641,"href":"https:\/\/alana.org.br\/en\/wp-json\/wp\/v2\/pages\/71699\/revisions\/77641"}],"up":[{"embeddable":true,"href":"https:\/\/alana.org.br\/en\/wp-json\/wp\/v2\/pages\/71647"}],"wp:featuredmedia":[{"embeddable":true,"href":"https:\/\/alana.org.br\/en\/wp-json\/wp\/v2\/media\/70855"}],"wp:attachment":[{"href":"https:\/\/alana.org.br\/en\/wp-json\/wp\/v2\/media?parent=71699"}],"curies":[{"name":"wp","href":"https:\/\/api.w.org\/{rel}","templated":true}]}}